{"id":2906,"date":"2026-03-10T11:21:05","date_gmt":"2026-03-10T10:21:05","guid":{"rendered":"https:\/\/www.tdsautocars.com\/?page_id=2906"},"modified":"2026-03-10T11:21:07","modified_gmt":"2026-03-10T10:21:07","slug":"coach-hire-saint-denis","status":"publish","type":"page","link":"https:\/\/www.tdsautocars.com\/en\/coach-hire-saint-denis\/","title":{"rendered":"Coach hire Saint-Denis"},"content":{"rendered":"\n[et_pb_section fb_built=\u00a0\u00bb1&Prime; module_id=\u00a0\u00bbbandeau-titre\u00a0\u00bb _builder_version=\u00a0\u00bb4.17.6&Prime; _module_preset=\u00a0\u00bbdefault\u00a0\u00bb background_color=\u00a0\u00bb#ff8d00&Prime; custom_padding=\u00a0\u00bb0px||0px|||\u00a0\u00bb global_colors_info=\u00a0\u00bb{}\u00a0\u00bb][et_pb_row column_structure=\u00a0\u00bb1_2,1_2&Prime; custom_padding_last_edited=\u00a0\u00bbon|phone\u00a0\u00bb _builder_version=\u00a0\u00bb4.16&Prime; _module_preset=\u00a0\u00bbdefault\u00a0\u00bb custom_padding=\u00a0\u00bb||||false|false\u00a0\u00bb custom_padding_tablet=\u00a0\u00bb\u00a0\u00bb custom_padding_phone=\u00a0\u00bb|20px||20px|false|true\u00a0\u00bb custom_css_main_element=\u00a0\u00bbdisplay:flex; ||align-items:center;\u00a0\u00bb global_colors_info=\u00a0\u00bb{}\u00a0\u00bb custom_css_main_element_last_edited=\u00a0\u00bbon|tablet\u00a0\u00bb custom_css_main_element_tablet=\u00a0\u00bb \u00a0\u00bb custom_css_main_element_phone=\u00a0\u00bb \u00ab\u00a0][et_pb_column type=\u00a0\u00bb1_2&Prime; _builder_version=\u00a0\u00bb4.16&Prime; _module_preset=\u00a0\u00bbdefault\u00a0\u00bb global_colors_info=\u00a0\u00bb{}\u00a0\u00bb][et_pb_text _builder_version=\u00a0\u00bb4.27.5&Prime; _module_preset=\u00a0\u00bbdefault\u00a0\u00bb text_font=\u00a0\u00bbMontserrat||||||||\u00a0\u00bb text_text_color=\u00a0\u00bb#ffffff\u00a0\u00bb header_font=\u00a0\u00bbMontserrat||||||||\u00a0\u00bb header_text_color=\u00a0\u00bb#ffffff\u00a0\u00bb header_font_size=\u00a0\u00bb24px\u00a0\u00bb width=\u00a0\u00bb120%\u00a0\u00bb width_tablet=\u00a0\u00bb\u00a0\u00bb width_phone=\u00a0\u00bb\u00a0\u00bb width_last_edited=\u00a0\u00bbon|tablet\u00a0\u00bb hover_enabled=\u00a0\u00bb0&Prime; text_orientation_tablet=\u00a0\u00bbcenter\u00a0\u00bb text_orientation_phone=\u00a0\u00bb\u00a0\u00bb text_orientation_last_edited=\u00a0\u00bbon|tablet\u00a0\u00bb global_colors_info=\u00a0\u00bb{}\u00a0\u00bb sticky_enabled=\u00a0\u00bb0&Prime;]<h1>Location d&rsquo;autocar \u00e0 Saint-Denis<\/h1>[\/et_pb_text][\/et_pb_column][et_pb_column type=\u00a0\u00bb1_2&Prime; _builder_version=\u00a0\u00bb4.16&Prime; _module_preset=\u00a0\u00bbdefault\u00a0\u00bb global_colors_info=\u00a0\u00bb{}\u00a0\u00bb][et_pb_code _builder_version=\u00a0\u00bb4.17.6&Prime; _module_preset=\u00a0\u00bbdefault\u00a0\u00bb text_orientation=\u00a0\u00bbright\u00a0\u00bb global_colors_info=\u00a0\u00bb{}\u00a0\u00bb]<span><span><a href=\"https:\/\/www.tdsautocars.com\/\">Accueil<\/a><\/span><\/span>[\/et_pb_code][\/et_pb_column][\/et_pb_row][\/et_pb_section][et_pb_section fb_built=\u00a0\u00bb1&Prime; use_custom_gutter=\u00a0\u00bbon\u00a0\u00bb gutter_width=\u00a0\u00bb2&Prime; specialty=\u00a0\u00bbon\u00a0\u00bb padding_top_2=\u00a0\u00bb0px\u00a0\u00bb padding_top_bottom_link_1=\u00a0\u00bbfalse\u00a0\u00bb padding_top_bottom_link_2=\u00a0\u00bbfalse\u00a0\u00bb padding_left_right_link_1=\u00a0\u00bbfalse\u00a0\u00bb padding_left_right_link_2=\u00a0\u00bbfalse\u00a0\u00bb _builder_version=\u00a0\u00bb4.16&Prime; _module_preset=\u00a0\u00bbdefault\u00a0\u00bb background_color=\u00a0\u00bb#ededdc\u00a0\u00bb custom_margin=\u00a0\u00bb||||false|false\u00a0\u00bb custom_padding=\u00a0\u00bb||||false|false\u00a0\u00bb global_colors_info=\u00a0\u00bb{}\u00a0\u00bb][et_pb_column type=\u00a0\u00bb3_4&Prime; specialty_columns=\u00a0\u00bb3&Prime; _builder_version=\u00a0\u00bb4.16&Prime; custom_padding=\u00a0\u00bb|||\u00a0\u00bb global_colors_info=\u00a0\u00bb{}\u00a0\u00bb custom_padding__hover=\u00a0\u00bb|||\u00a0\u00bb][et_pb_row_inner use_custom_gutter=\u00a0\u00bbon\u00a0\u00bb gutter_width=\u00a0\u00bb1&Prime; _builder_version=\u00a0\u00bb4.27.5&Prime; _module_preset=\u00a0\u00bbdefault\u00a0\u00bb custom_margin=\u00a0\u00bb0px||0px||true|false\u00a0\u00bb custom_padding=\u00a0\u00bb0px||0px|||\u00a0\u00bb hover_enabled=\u00a0\u00bb0&Prime; global_colors_info=\u00a0\u00bb{}\u00a0\u00bb sticky_enabled=\u00a0\u00bb0&Prime;][et_pb_column_inner saved_specialty_column_type=\u00a0\u00bb3_4&Prime; _builder_version=\u00a0\u00bb4.16&Prime; _module_preset=\u00a0\u00bbdefault\u00a0\u00bb background_color=\u00a0\u00bb#ffffff\u00a0\u00bb custom_padding=\u00a0\u00bb||||false|false\u00a0\u00bb global_colors_info=\u00a0\u00bb{}\u00a0\u00bb][et_pb_text _builder_version=\u00a0\u00bb4.27.5&Prime; _module_preset=\u00a0\u00bbdefault\u00a0\u00bb hover_enabled=\u00a0\u00bb0&Prime; sticky_enabled=\u00a0\u00bb0&Prime; custom_padding=\u00a0\u00bb|||5px|false|false\u00a0\u00bb]<p>Bienvenue chez TDS Autocar ! Situ\u00e9e aux portes de Paris, Saint-Denis est une ville strat\u00e9gique, dynamique et en pleine transformation. Entre le Stade de France, les grands p\u00f4les d\u2019activit\u00e9, les tournages, les \u00e9tablissements scolaires et les \u00e9v\u00e9nements culturels, les besoins en transport collectif y sont nombreux.<\/p>\n<p>Avec notre service de location d\u2019autocar avec chauffeur \u00e0 Saint-Denis, vous b\u00e9n\u00e9ficiez d\u2019une solution fiable, confortable et parfaitement organis\u00e9e. Notre \u00e9quipe met son expertise au service de votre d\u00e9placement, qu\u2019il soit professionnel, associatif ou priv\u00e9.<\/p>\n<h2><b>Pourquoi choisir TDS pour votre transport \u00e0 Saint-Denis ?<\/b><\/h2>\n<p><span style=\"font-weight: 400;\">Dans une ville aussi active que Saint-Denis, l\u2019organisation du transport ne peut pas \u00eatre improvis\u00e9e. Circulation dense, zones r\u00e9glement\u00e9es, \u00e9v\u00e9nements majeurs au Stade de France\u2026 l\u2019exp\u00e9rience locale fait toute la diff\u00e9rence.<\/span><\/p>\n<p><span style=\"font-weight: 400;\">Choisir TDS, c\u2019est opter pour :<\/span><\/p>\n<ul>\n<li style=\"font-weight: 400;\" aria-level=\"1\"><span style=\"font-weight: 400;\">Une flotte moderne r\u00e9guli\u00e8rement entretenue<\/span><\/li>\n<li style=\"font-weight: 400;\" aria-level=\"1\"><span style=\"font-weight: 400;\">Des chauffeurs exp\u00e9riment\u00e9s et ponctuels<\/span><\/li>\n<li style=\"font-weight: 400;\" aria-level=\"1\"><span style=\"font-weight: 400;\">Une parfaite ma\u00eetrise des axes du 93 et de l\u2019\u00cele-de-France<\/span><\/li>\n<li style=\"font-weight: 400;\" aria-level=\"1\"><span style=\"font-weight: 400;\">Un accompagnement personnalis\u00e9 du premier contact jusqu\u2019\u00e0 l\u2019arriv\u00e9e<\/span><\/li>\n<\/ul>\n<p><span style=\"font-weight: 400;\">Nous organisons chaque trajet avec rigueur afin de garantir fluidit\u00e9, s\u00e9curit\u00e9 et s\u00e9r\u00e9nit\u00e9.<\/span><\/p>\n<h2><b>Nos prestations au d\u00e9part de Saint-Denis<\/b><\/h2>\n<h3><b>\u00c9v\u00e9nements au Stade de France<\/b><\/h3>\n<p><span style=\"font-weight: 400;\">Concerts, comp\u00e9titions sportives, \u00e9v\u00e9nements d\u2019entreprise\u2026 Le Stade de France g\u00e9n\u00e8re d\u2019importants flux de visiteurs. Nous assurons le transport de groupes vers et depuis Saint-Denis avec une organisation adapt\u00e9e aux contraintes de circulation et aux horaires sp\u00e9cifiques.<\/span><\/p>\n<h3><b>Transport d\u2019entreprise<\/b><\/h3>\n<p><span style=\"font-weight: 400;\">Saint-Denis accueille de nombreux si\u00e8ges d\u2019entreprises et p\u00f4les tertiaires. Pour vos s\u00e9minaires, conventions ou d\u00e9placements professionnels vers Paris, La D\u00e9fense ou la province, la location d\u2019un autocar avec chauffeur garantit confort et ponctualit\u00e9.<\/span><\/p>\n<p><span style=\"font-weight: 400;\">Un transport collectif renforce la coh\u00e9sion d\u2019\u00e9quipe tout en simplifiant la logistique.<\/span><\/p>\n<h3><b>Mariages et \u00e9v\u00e9nements priv\u00e9s<\/b><\/h3>\n<p><span style=\"font-weight: 400;\">Organiser le transport de vos invit\u00e9s \u00e9vite les retards et les difficult\u00e9s de stationnement. Un autocar permet d\u2019assurer des trajets group\u00e9s et s\u00e9curis\u00e9s, notamment en soir\u00e9e.<\/span><\/p>\n<h3><b>Sorties scolaires et associatives<\/b><\/h3>\n<p><span style=\"font-weight: 400;\">Nos v\u00e9hicules respectent les normes en vigueur pour le transport de groupes scolaires. Nos chauffeurs sont form\u00e9s et exp\u00e9riment\u00e9s pour encadrer ce type de d\u00e9placement en toute s\u00e9curit\u00e9.<\/span><\/p>\n<p><span style=\"font-weight: 400;\"><\/span><\/p>\n<p><span style=\"font-weight: 400;\"><\/span><\/p>\n<p>&nbsp;<\/p>[\/et_pb_text][et_pb_text _builder_version=\u00a0\u00bb4.27.5&Prime; _module_preset=\u00a0\u00bbdefault\u00a0\u00bb hover_enabled=\u00a0\u00bb0&Prime; sticky_enabled=\u00a0\u00bb0&Prime;][\/et_pb_text][\/et_pb_column_inner][\/et_pb_row_inner][et_pb_row_inner column_structure=\u00a0\u00bb1_3,1_3,1_3&Prime; _builder_version=\u00a0\u00bb4.16&Prime; _module_preset=\u00a0\u00bbdefault\u00a0\u00bb background_color=\u00a0\u00bb#ffffff\u00a0\u00bb custom_padding=\u00a0\u00bb||0px|||\u00a0\u00bb hover_enabled=\u00a0\u00bb0&Prime; global_colors_info=\u00a0\u00bb{}\u00a0\u00bb sticky_enabled=\u00a0\u00bb0&Prime;][et_pb_column_inner type=\u00a0\u00bb1_3&Prime; saved_specialty_column_type=\u00a0\u00bb3_4&Prime; _builder_version=\u00a0\u00bb4.16&Prime; _module_preset=\u00a0\u00bbdefault\u00a0\u00bb global_colors_info=\u00a0\u00bb{}\u00a0\u00bb][et_pb_image src=\u00a0\u00bbhttps:\/\/www.tdsautocars.com\/wp-content\/uploads\/2021\/11\/carte-meaux.png\u00a0\u00bb title_text=\u00a0\u00bbcarte meaux\u00a0\u00bb _builder_version=\u00a0\u00bb4.16&Prime; _module_preset=\u00a0\u00bbdefault\u00a0\u00bb global_colors_info=\u00a0\u00bb{}\u00a0\u00bb][\/et_pb_image][\/et_pb_column_inner][et_pb_column_inner type=\u00a0\u00bb1_3&Prime; saved_specialty_column_type=\u00a0\u00bb3_4&Prime; _builder_version=\u00a0\u00bb4.16&Prime; _module_preset=\u00a0\u00bbdefault\u00a0\u00bb global_colors_info=\u00a0\u00bb{}\u00a0\u00bb][et_pb_text _builder_version=\u00a0\u00bb4.27.5&Prime; _module_preset=\u00a0\u00bbdefault\u00a0\u00bb hover_enabled=\u00a0\u00bb0&Prime; sticky_enabled=\u00a0\u00bb0&Prime;]<h3><strong>Saint-Denis &#8211; Paris centre<\/strong><\/h3>[\/et_pb_text][et_pb_text _builder_version=\u00a0\u00bb4.27.5&Prime; _module_preset=\u00a0\u00bbdefault\u00a0\u00bb hover_enabled=\u00a0\u00bb0&Prime; sticky_enabled=\u00a0\u00bb0&Prime;]<h3><strong>Saint-Denis &#8211; Versailles<\/strong><\/h3>[\/et_pb_text][et_pb_text _builder_version=\u00a0\u00bb4.27.5&Prime; _module_preset=\u00a0\u00bbdefault\u00a0\u00bb hover_enabled=\u00a0\u00bb0&Prime; sticky_enabled=\u00a0\u00bb0&Prime;]<h3><strong>Saint-Denis &#8211; Disneyland Paris<\/strong><\/h3>[\/et_pb_text][et_pb_text _builder_version=\u00a0\u00bb4.27.5&Prime; _module_preset=\u00a0\u00bbdefault\u00a0\u00bb hover_enabled=\u00a0\u00bb0&Prime; sticky_enabled=\u00a0\u00bb0&Prime;]<h3><strong>Saint-Denis &#8211; La D\u00e9fense<\/strong><\/h3>[\/et_pb_text][\/et_pb_column_inner][et_pb_column_inner type=\u00a0\u00bb1_3&Prime; saved_specialty_column_type=\u00a0\u00bb3_4&Prime; _builder_version=\u00a0\u00bb4.16&Prime; _module_preset=\u00a0\u00bbdefault\u00a0\u00bb global_colors_info=\u00a0\u00bb{}\u00a0\u00bb][et_pb_text _builder_version=\u00a0\u00bb4.27.5&Prime; _module_preset=\u00a0\u00bbdefault\u00a0\u00bb hover_enabled=\u00a0\u00bb0&Prime; sticky_enabled=\u00a0\u00bb0&Prime;]<h3><strong>Saint-Denis &#8211; A\u00e9roports Orly<\/strong><\/h3>[\/et_pb_text][et_pb_text _builder_version=\u00a0\u00bb4.27.5&Prime; _module_preset=\u00a0\u00bbdefault\u00a0\u00bb hover_enabled=\u00a0\u00bb0&Prime; sticky_enabled=\u00a0\u00bb0&Prime;]<h3><strong>Saint-Denis &#8211; A\u00e9roports Roissy Charles-de-Gaulle<\/strong><\/h3>[\/et_pb_text][et_pb_text _builder_version=\u00a0\u00bb4.27.5&Prime; _module_preset=\u00a0\u00bbdefault\u00a0\u00bb hover_enabled=\u00a0\u00bb0&Prime; sticky_enabled=\u00a0\u00bb0&Prime;]<h3><strong>Saint-Denis &#8211; Reims<\/strong><\/h3>[\/et_pb_text][et_pb_text _builder_version=\u00a0\u00bb4.27.5&Prime; _module_preset=\u00a0\u00bbdefault\u00a0\u00bb hover_enabled=\u00a0\u00bb0&Prime; sticky_enabled=\u00a0\u00bb0&Prime;]<h3><strong>Saint-Denis &#8211; Lilles<\/strong><\/h3>[\/et_pb_text][\/et_pb_column_inner][\/et_pb_row_inner][et_pb_row_inner _builder_version=\u00a0\u00bb4.16&Prime; _module_preset=\u00a0\u00bbdefault\u00a0\u00bb background_color=\u00a0\u00bb#ffffff\u00a0\u00bb global_colors_info=\u00a0\u00bb{}\u00a0\u00bb][et_pb_column_inner saved_specialty_column_type=\u00a0\u00bb3_4&Prime; _builder_version=\u00a0\u00bb4.16&Prime; _module_preset=\u00a0\u00bbdefault\u00a0\u00bb global_colors_info=\u00a0\u00bb{}\u00a0\u00bb][et_pb_text _builder_version=\u00a0\u00bb4.27.5&Prime; _module_preset=\u00a0\u00bbdefault\u00a0\u00bb hover_enabled=\u00a0\u00bb0&Prime; sticky_enabled=\u00a0\u00bb0&Prime;]<h2><b>R\u00e9servez votre autocar avec chauffeur \u00e0 Saint-Denis d\u00e8s aujourd\u2019hui<\/b><\/h2>\n<p><span style=\"font-weight: 400;\">Depuis plus de 10 ans, TDS Autocar organise des d\u00e9placements collectifs en \u00cele-de-France avec rigueur et ponctualit\u00e9.<\/span><\/p>\n<p><span style=\"font-weight: 400;\">Nous intervenons r\u00e9guli\u00e8rement lors des grands \u00e9v\u00e9nements au Stade de France et connaissons parfaitement les contraintes du secteur.<\/span><\/p>\n<p><span style=\"font-weight: 400;\">Un d\u00e9placement collectif r\u00e9ussi commence par une organisation solide. Que ce soit pour un \u00e9v\u00e9nement professionnel, un concert, un mariage ou une sortie scolaire, nous vous accompagnons dans la planification compl\u00e8te de votre transport.<\/span><\/p>\n<p><span style=\"font-weight: 400;\">Contactez TDS Autocar d\u00e8s maintenant pour obtenir votre devis personnalis\u00e9.<\/span><\/p>\n<p><b>Location d\u2019autocar avec chauffeur \u00e0 Saint-Denis : choisissez un partenaire fiable, r\u00e9actif et exp\u00e9riment\u00e9 pour tous vos d\u00e9placements en groupe.<\/b><\/p>[\/et_pb_text][\/et_pb_column_inner][\/et_pb_row_inner][et_pb_row_inner _builder_version=\u00a0\u00bb4.16&Prime; _module_preset=\u00a0\u00bbdefault\u00a0\u00bb background_color=\u00a0\u00bb#ffffff\u00a0\u00bb global_colors_info=\u00a0\u00bb{}\u00a0\u00bb custom_padding=\u00a0\u00bb136px|||||\u00a0\u00bb][et_pb_column_inner saved_specialty_column_type=\u00a0\u00bb3_4&Prime; _builder_version=\u00a0\u00bb4.16&Prime; _module_preset=\u00a0\u00bbdefault\u00a0\u00bb global_colors_info=\u00a0\u00bb{}\u00a0\u00bb][et_pb_button button_url=\u00a0\u00bb\/devis\/\u00a0\u00bb button_text=\u00a0\u00bbDevis rapide\u00a0\u00bb button_alignment=\u00a0\u00bbcenter\u00a0\u00bb button_alignment_tablet=\u00a0\u00bbcenter\u00a0\u00bb button_alignment_phone=\u00a0\u00bb\u00a0\u00bb button_alignment_last_edited=\u00a0\u00bbon|tablet\u00a0\u00bb _builder_version=\u00a0\u00bb4.16&Prime; _module_preset=\u00a0\u00bbdefault\u00a0\u00bb custom_button=\u00a0\u00bbon\u00a0\u00bb button_text_color=\u00a0\u00bb#ffffff\u00a0\u00bb button_bg_color=\u00a0\u00bb#ff8d00&Prime; button_border_width=\u00a0\u00bb0px\u00a0\u00bb button_font=\u00a0\u00bbMontserrat|300||on|||||\u00a0\u00bb button_use_icon=\u00a0\u00bboff\u00a0\u00bb custom_margin=\u00a0\u00bb||||false|false\u00a0\u00bb custom_margin_tablet=\u00a0\u00bb10px||||false|false\u00a0\u00bb custom_margin_phone=\u00a0\u00bb\u00a0\u00bb custom_margin_last_edited=\u00a0\u00bbon|tablet\u00a0\u00bb custom_padding=\u00a0\u00bb20px|30px|20px|30px|true|true\u00a0\u00bb animation_direction=\u00a0\u00bbright\u00a0\u00bb locked=\u00a0\u00bboff\u00a0\u00bb global_colors_info=\u00a0\u00bb{}\u00a0\u00bb button_text_color__hover_enabled=\u00a0\u00bbon|hover\u00a0\u00bb button_text_color__hover=\u00a0\u00bb#ffffff\u00a0\u00bb button_bg_color__hover_enabled=\u00a0\u00bbon|hover\u00a0\u00bb button_bg_color__hover=\u00a0\u00bb#191f26&Prime; button_bg_enable_color__hover=\u00a0\u00bbon\u00a0\u00bb][\/et_pb_button][\/et_pb_column_inner][\/et_pb_row_inner][\/et_pb_column][et_pb_column type=\u00a0\u00bb1_4&Prime; _builder_version=\u00a0\u00bb4.16&Prime; custom_padding=\u00a0\u00bb|||\u00a0\u00bb global_colors_info=\u00a0\u00bb{}\u00a0\u00bb custom_padding__hover=\u00a0\u00bb|||\u00a0\u00bb][et_pb_text _builder_version=\u00a0\u00bb4.16&Prime; _module_preset=\u00a0\u00bbdefault\u00a0\u00bb text_font=\u00a0\u00bb||||||||\u00a0\u00bb text_text_color=\u00a0\u00bb#ffffff\u00a0\u00bb header_4_font=\u00a0\u00bbMontserrat|||on|||||\u00a0\u00bb header_4_text_color=\u00a0\u00bb#ffffff\u00a0\u00bb header_4_font_size=\u00a0\u00bb15px\u00a0\u00bb background_color=\u00a0\u00bb#191f26&Prime; module_alignment=\u00a0\u00bbright\u00a0\u00bb custom_margin=\u00a0\u00bb||0px||false|false\u00a0\u00bb custom_padding=\u00a0\u00bb17px|20px|10px|20px|false|true\u00a0\u00bb border_color_all=\u00a0\u00bbrgba(0,0,0,0)\u00a0\u00bb border_color_top=\u00a0\u00bbrgba(0,0,0,0)\u00a0\u00bb border_style_top=\u00a0\u00bbnone\u00a0\u00bb locked=\u00a0\u00bboff\u00a0\u00bb global_colors_info=\u00a0\u00bb{}\u00a0\u00bb]<h4>Besoin d&rsquo;aide ?<\/h4>[\/et_pb_text][et_pb_text _builder_version=\u00a0\u00bb4.16&Prime; _dynamic_attributes=\u00a0\u00bbcontent\u00a0\u00bb _module_preset=\u00a0\u00bbdefault\u00a0\u00bb text_font=\u00a0\u00bbMontserrat|300|||||||\u00a0\u00bb text_text_color=\u00a0\u00bb#34394a\u00a0\u00bb background_color=\u00a0\u00bb#ffffff\u00a0\u00bb custom_margin=\u00a0\u00bb0px||0px||false|false\u00a0\u00bb custom_padding=\u00a0\u00bb17px|20px|16px|20px|false|true\u00a0\u00bb locked=\u00a0\u00bboff\u00a0\u00bb global_colors_info=\u00a0\u00bb{}\u00a0\u00bb]@ET-DC@eyJkeW5hbWljIjp0cnVlLCJjb250ZW50IjoiY3VzdG9tX21ldGFfZGVzY3JpcHRpb25fYmVzb2luX2RhaWRlIiwic2V0dGluZ3MiOnsiYmVmb3JlIjoiIiwiYWZ0ZXIiOiIiLCJlbmFibGVfaHRtbCI6Im9uIn19@[\/et_pb_text][et_pb_blurb use_icon=\u00a0\u00bbon\u00a0\u00bb font_icon=\u00a0\u00bb&#xe090;||divi||400&Prime; icon_color=\u00a0\u00bb#191f26&Prime; icon_placement=\u00a0\u00bbleft\u00a0\u00bb image_icon_width=\u00a0\u00bb25px\u00a0\u00bb _builder_version=\u00a0\u00bb4.16&Prime; _dynamic_attributes=\u00a0\u00bbcontent\u00a0\u00bb _module_preset=\u00a0\u00bbdefault\u00a0\u00bb header_font=\u00a0\u00bbMontserrat|300|||||||\u00a0\u00bb header_text_color=\u00a0\u00bb#191f26&Prime; header_font_size=\u00a0\u00bb17px\u00a0\u00bb body_font=\u00a0\u00bbMontserrat|300|||||||\u00a0\u00bb body_text_color=\u00a0\u00bb#34394a\u00a0\u00bb body_font_size=\u00a0\u00bb17px\u00a0\u00bb background_color=\u00a0\u00bb#ffffff\u00a0\u00bb custom_margin=\u00a0\u00bb0px||||false|false\u00a0\u00bb custom_padding=\u00a0\u00bb17px|20px|16px|20px|false|true\u00a0\u00bb animation=\u00a0\u00bboff\u00a0\u00bb icon_font_size=\u00a0\u00bb25px\u00a0\u00bb locked=\u00a0\u00bboff\u00a0\u00bb global_colors_info=\u00a0\u00bb{}\u00a0\u00bb]@ET-DC@eyJkeW5hbWljIjp0cnVlLCJjb250ZW50IjoiY3VzdG9tX21ldGFfbnVtZXJvX2RlX3RlbGVwaG9uZSIsInNldHRpbmdzIjp7ImJlZm9yZSI6IiIsImFmdGVyIjoiIiwiZW5hYmxlX2h0bWwiOiJvbiJ9fQ==@[\/et_pb_blurb][et_pb_text _builder_version=\u00a0\u00bb4.16&Prime; _module_preset=\u00a0\u00bbdefault\u00a0\u00bb text_font=\u00a0\u00bbMontserrat||||||||\u00a0\u00bb text_text_color=\u00a0\u00bb#ffffff\u00a0\u00bb header_4_font=\u00a0\u00bbMontserrat|||on|||||\u00a0\u00bb header_4_text_color=\u00a0\u00bb#ffffff\u00a0\u00bb header_4_font_size=\u00a0\u00bb15px\u00a0\u00bb background_color=\u00a0\u00bb#191f26&Prime; custom_margin=\u00a0\u00bb20px||0px||false|false\u00a0\u00bb custom_padding=\u00a0\u00bb17px|20px|10px|20px|false|true\u00a0\u00bb border_color_top=\u00a0\u00bb#ededdc\u00a0\u00bb locked=\u00a0\u00bboff\u00a0\u00bb global_colors_info=\u00a0\u00bb{}\u00a0\u00bb]<h4> Nos autocars en image<\/h4>[\/et_pb_text][et_pb_image src=\u00a0\u00bbhttps:\/\/www.tdsautocars.com\/wp-content\/uploads\/2024\/10\/WhatsApp-Image-2024-10-17-a-11.20.12_9eeec080.jpg\u00a0\u00bb alt=\u00a0\u00bbint\u00e9rieur autocar TDS\u00a0\u00bb title_text=\u00a0\u00bbWhatsApp Image 2024-10-17 \u00e0 11.20.12_9eeec080&Prime; url=\u00a0\u00bb\/autocars-de-tourisme-paris\/\u00a0\u00bb _builder_version=\u00a0\u00bb4.22.2&Prime; _module_preset=\u00a0\u00bbdefault\u00a0\u00bb locked=\u00a0\u00bboff\u00a0\u00bb global_colors_info=\u00a0\u00bb{}\u00a0\u00bb][\/et_pb_image][et_pb_text _builder_version=\u00a0\u00bb4.16&Prime; _dynamic_attributes=\u00a0\u00bbcontent\u00a0\u00bb _module_preset=\u00a0\u00bbdefault\u00a0\u00bb text_font=\u00a0\u00bbMontserrat||||||||\u00a0\u00bb text_text_color=\u00a0\u00bb#ffffff\u00a0\u00bb header_4_font=\u00a0\u00bbMontserrat|||on|||||\u00a0\u00bb header_4_text_color=\u00a0\u00bb#ffffff\u00a0\u00bb header_4_font_size=\u00a0\u00bb15px\u00a0\u00bb background_color=\u00a0\u00bb#191f26&Prime; custom_margin=\u00a0\u00bb20px||2px||false|false\u00a0\u00bb custom_padding=\u00a0\u00bb17px|20px|10px|20px|false|true\u00a0\u00bb border_color_top=\u00a0\u00bbrgba(0,0,0,0)\u00a0\u00bb border_style_top=\u00a0\u00bbnone\u00a0\u00bb locked=\u00a0\u00bboff\u00a0\u00bb global_colors_info=\u00a0\u00bb{}\u00a0\u00bb]@ET-DC@eyJkeW5hbWljIjp0cnVlLCJjb250ZW50IjoiY3VzdG9tX21ldGFfcG91cnF1b2lfbm91c19jaG9pc2lyIiwic2V0dGluZ3MiOnsiYmVmb3JlIjoiPGg0PiIsImFmdGVyIjoiPC9oND4iLCJlbmFibGVfaHRtbCI6Im9uIn19@[\/et_pb_text][et_pb_blurb title=\u00a0\u00bb@ET-DC@eyJkeW5hbWljIjp0cnVlLCJjb250ZW50IjoiY3VzdG9tX21ldGFfdGl0cmVfYXRvdXRfMSIsInNldHRpbmdzIjp7ImJlZm9yZSI6IiIsImFmdGVyIjoiIiwiZW5hYmxlX2h0bWwiOiJvbiJ9fQ==@\u00a0\u00bb _builder_version=\u00a0\u00bb4.16&Prime; _dynamic_attributes=\u00a0\u00bbtitle,content\u00a0\u00bb _module_preset=\u00a0\u00bbdefault\u00a0\u00bb header_level=\u00a0\u00bbh5&Prime; header_font=\u00a0\u00bbMontserrat|600|||||||\u00a0\u00bb header_text_color=\u00a0\u00bb#34394a\u00a0\u00bb header_font_size=\u00a0\u00bb15px\u00a0\u00bb body_text_color=\u00a0\u00bb#34394a\u00a0\u00bb background_color=\u00a0\u00bb#ffffff\u00a0\u00bb custom_margin=\u00a0\u00bb||0px||false|false\u00a0\u00bb custom_padding=\u00a0\u00bb17px|20px|16px|20px|false|true\u00a0\u00bb locked=\u00a0\u00bboff\u00a0\u00bb global_colors_info=\u00a0\u00bb{}\u00a0\u00bb]@ET-DC@eyJkeW5hbWljIjp0cnVlLCJjb250ZW50IjoiY3VzdG9tX21ldGFfZGVzY3JpcHRpb25fYXRvdXRfMSIsInNldHRpbmdzIjp7ImJlZm9yZSI6IiIsImFmdGVyIjoiIiwiZW5hYmxlX2h0bWwiOiJvbiJ9fQ==@[\/et_pb_blurb][et_pb_blurb title=\u00a0\u00bb@ET-DC@eyJkeW5hbWljIjp0cnVlLCJjb250ZW50IjoiY3VzdG9tX21ldGFfdGl0cmVfYXRvdXRfMiIsInNldHRpbmdzIjp7ImJlZm9yZSI6IiIsImFmdGVyIjoiIiwiZW5hYmxlX2h0bWwiOiJvbiJ9fQ==@\u00a0\u00bb _builder_version=\u00a0\u00bb4.16&Prime; _dynamic_attributes=\u00a0\u00bbtitle,content\u00a0\u00bb _module_preset=\u00a0\u00bbdefault\u00a0\u00bb header_level=\u00a0\u00bbh5&Prime; header_font=\u00a0\u00bbMontserrat|600|||||||\u00a0\u00bb header_text_color=\u00a0\u00bb#34394a\u00a0\u00bb header_font_size=\u00a0\u00bb15px\u00a0\u00bb body_text_color=\u00a0\u00bb#34394a\u00a0\u00bb background_color=\u00a0\u00bb#ffffff\u00a0\u00bb custom_margin=\u00a0\u00bb0px||0px||false|false\u00a0\u00bb custom_padding=\u00a0\u00bb17px|20px|16px|20px|false|true\u00a0\u00bb locked=\u00a0\u00bboff\u00a0\u00bb global_colors_info=\u00a0\u00bb{}\u00a0\u00bb]@ET-DC@eyJkeW5hbWljIjp0cnVlLCJjb250ZW50IjoiY3VzdG9tX21ldGFfZGVzY3JpcHRpb25fYXRvdXRfMiIsInNldHRpbmdzIjp7ImJlZm9yZSI6IiIsImFmdGVyIjoiIiwiZW5hYmxlX2h0bWwiOiJvbiJ9fQ==@[\/et_pb_blurb][et_pb_blurb title=\u00a0\u00bb@ET-DC@eyJkeW5hbWljIjp0cnVlLCJjb250ZW50IjoiY3VzdG9tX21ldGFfdGl0cmVfYXRvdXRfMyIsInNldHRpbmdzIjp7ImJlZm9yZSI6IiIsImFmdGVyIjoiIiwiZW5hYmxlX2h0bWwiOiJvbiJ9fQ==@\u00a0\u00bb _builder_version=\u00a0\u00bb4.16&Prime; _dynamic_attributes=\u00a0\u00bbtitle,content\u00a0\u00bb _module_preset=\u00a0\u00bbdefault\u00a0\u00bb header_level=\u00a0\u00bbh5&Prime; header_font=\u00a0\u00bbMontserrat|600|||||||\u00a0\u00bb header_text_color=\u00a0\u00bb#34394a\u00a0\u00bb header_font_size=\u00a0\u00bb15px\u00a0\u00bb body_text_color=\u00a0\u00bb#34394a\u00a0\u00bb background_color=\u00a0\u00bb#ffffff\u00a0\u00bb custom_margin=\u00a0\u00bb0px||||false|false\u00a0\u00bb custom_padding=\u00a0\u00bb17px|20px|16px|20px|false|true\u00a0\u00bb locked=\u00a0\u00bboff\u00a0\u00bb global_colors_info=\u00a0\u00bb{}\u00a0\u00bb]@ET-DC@eyJkeW5hbWljIjp0cnVlLCJjb250ZW50IjoiY3VzdG9tX21ldGFfZGVzY3JpcHRpb25fYXRvdXRfMyIsInNldHRpbmdzIjp7ImJlZm9yZSI6IiIsImFmdGVyIjoiIiwiZW5hYmxlX2h0bWwiOiJvbiJ9fQ==@[\/et_pb_blurb][\/et_pb_column][\/et_pb_section]\n","protected":false},"excerpt":{"rendered":"<p>Location d&rsquo;autocar \u00e0 Saint-Denis<span><span><a href=\"https:\/\/www.tdsautocars.com\/\">Accueil<\/a><\/span><\/span>Bienvenue chez TDS Autocar ! Situ\u00e9e aux portes de Paris, Saint-Denis est une ville strat\u00e9gique, dynamique et en pleine transformation. Entre le Stade de France, les grands p\u00f4les d\u2019activit\u00e9, les tournages, les \u00e9tablissements scolaires et les \u00e9v\u00e9nements culturels, les besoins en transport collectif y sont nombreux. Avec notre service de location d\u2019autocar [&hellip;]<\/p>\n","protected":false},"author":1,"featured_media":0,"parent":0,"menu_order":0,"comment_status":"closed","ping_status":"closed","template":"","meta":{"_acf_changed":false,"_et_pb_use_builder":"on","_et_pb_old_content":"","_et_gb_content_width":"","_glsr_average":0,"_glsr_ranking":0,"_glsr_reviews":0,"footnotes":""},"class_list":["post-2906","page","type-page","status-publish","hentry"],"acf":[],"yoast_head":"<!-- This site is optimized with the Yoast SEO plugin v26.9 - https:\/\/yoast.com\/product\/yoast-seo-wordpress\/ -->\n<title>Location d&#039;autocar avec chauffeurs depuis Saint-Denis- Tds Autocars<\/title>\n<meta name=\"description\" content=\"TDS Autocars voyage fr\u00e9quemment depuis Saint-Denis - D\u00e9couvrez les locations d&#039;autocars avec chauffeurs les plus demand\u00e9es au d\u00e9part de Bordeaux\" \/>\n<meta name=\"robots\" content=\"index, follow, max-snippet:-1, max-image-preview:large, max-video-preview:-1\" \/>\n<link rel=\"canonical\" href=\"https:\/\/www.tdsautocars.com\/en\/coach-hire-saint-denis\/\" \/>\n<meta property=\"og:locale\" content=\"en_GB\" \/>\n<meta property=\"og:type\" content=\"article\" \/>\n<meta property=\"og:title\" content=\"Location d&#039;autocar avec chauffeurs depuis Saint-Denis- Tds Autocars\" \/>\n<meta property=\"og:description\" content=\"TDS Autocars voyage fr\u00e9quemment depuis Saint-Denis - D\u00e9couvrez les locations d&#039;autocars avec chauffeurs les plus demand\u00e9es au d\u00e9part de Bordeaux\" \/>\n<meta property=\"og:url\" content=\"https:\/\/www.tdsautocars.com\/en\/coach-hire-saint-denis\/\" \/>\n<meta property=\"og:site_name\" content=\"Tds Autocars\" \/>\n<meta property=\"article:modified_time\" content=\"2026-03-10T10:21:07+00:00\" \/>\n<meta name=\"twitter:card\" content=\"summary_large_image\" \/>\n<meta name=\"twitter:label1\" content=\"Estimated reading time\" \/>\n\t<meta name=\"twitter:data1\" content=\"3 minutes\" \/>\n<script type=\"application\/ld+json\" class=\"yoast-schema-graph\">{\"@context\":\"https:\/\/schema.org\",\"@graph\":[{\"@type\":\"WebPage\",\"@id\":\"https:\/\/www.tdsautocars.com\/location-autocar-saint-denis\/\",\"url\":\"https:\/\/www.tdsautocars.com\/location-autocar-saint-denis\/\",\"name\":\"Location d'autocar avec chauffeurs depuis Saint-Denis- Tds Autocars\",\"isPartOf\":{\"@id\":\"https:\/\/www.tdsautocars.com\/#website\"},\"datePublished\":\"2026-03-10T10:21:05+00:00\",\"dateModified\":\"2026-03-10T10:21:07+00:00\",\"description\":\"TDS Autocars voyage fr\u00e9quemment depuis Saint-Denis - D\u00e9couvrez les locations d'autocars avec chauffeurs les plus demand\u00e9es au d\u00e9part de Bordeaux\",\"breadcrumb\":{\"@id\":\"https:\/\/www.tdsautocars.com\/location-autocar-saint-denis\/#breadcrumb\"},\"inLanguage\":\"en-GB\",\"potentialAction\":[{\"@type\":\"ReadAction\",\"target\":[\"https:\/\/www.tdsautocars.com\/location-autocar-saint-denis\/\"]}]},{\"@type\":\"BreadcrumbList\",\"@id\":\"https:\/\/www.tdsautocars.com\/location-autocar-saint-denis\/#breadcrumb\",\"itemListElement\":[{\"@type\":\"ListItem\",\"position\":1,\"name\":\"Accueil\",\"item\":\"https:\/\/www.tdsautocars.com\/\"},{\"@type\":\"ListItem\",\"position\":2,\"name\":\"Location autocar Saint-Denis\"}]},{\"@type\":\"WebSite\",\"@id\":\"https:\/\/www.tdsautocars.com\/#website\",\"url\":\"https:\/\/www.tdsautocars.com\/\",\"name\":\"Tds Autocars\",\"description\":\"Location Autocar avec chauffeur en r\u00e9gion parisienne\",\"potentialAction\":[{\"@type\":\"SearchAction\",\"target\":{\"@type\":\"EntryPoint\",\"urlTemplate\":\"https:\/\/www.tdsautocars.com\/?s={search_term_string}\"},\"query-input\":{\"@type\":\"PropertyValueSpecification\",\"valueRequired\":true,\"valueName\":\"search_term_string\"}}],\"inLanguage\":\"en-GB\"}]}<\/script>\n<!-- \/ Yoast SEO plugin. -->","yoast_head_json":{"title":"Coach hire with drivers from Saint-Denis - Tds Autocars","description":"TDS Coaches frequently travels from Saint-Denis - Discover the most popular coach hire with drivers departing from Bordeaux","robots":{"index":"index","follow":"follow","max-snippet":"max-snippet:-1","max-image-preview":"max-image-preview:large","max-video-preview":"max-video-preview:-1"},"canonical":"https:\/\/www.tdsautocars.com\/en\/coach-hire-saint-denis\/","og_locale":"en_GB","og_type":"article","og_title":"Location d'autocar avec chauffeurs depuis Saint-Denis- Tds Autocars","og_description":"TDS Autocars voyage fr\u00e9quemment depuis Saint-Denis - D\u00e9couvrez les locations d'autocars avec chauffeurs les plus demand\u00e9es au d\u00e9part de Bordeaux","og_url":"https:\/\/www.tdsautocars.com\/en\/coach-hire-saint-denis\/","og_site_name":"Tds Autocars","article_modified_time":"2026-03-10T10:21:07+00:00","twitter_card":"summary_large_image","twitter_misc":{"Estimated reading time":"3 minutes"},"schema":{"@context":"https:\/\/schema.org","@graph":[{"@type":"WebPage","@id":"https:\/\/www.tdsautocars.com\/location-autocar-saint-denis\/","url":"https:\/\/www.tdsautocars.com\/location-autocar-saint-denis\/","name":"Coach hire with drivers from Saint-Denis - Tds Autocars","isPartOf":{"@id":"https:\/\/www.tdsautocars.com\/#website"},"datePublished":"2026-03-10T10:21:05+00:00","dateModified":"2026-03-10T10:21:07+00:00","description":"TDS Coaches frequently travels from Saint-Denis - Discover the most popular coach hire with drivers departing from Bordeaux","breadcrumb":{"@id":"https:\/\/www.tdsautocars.com\/location-autocar-saint-denis\/#breadcrumb"},"inLanguage":"en-GB","potentialAction":[{"@type":"ReadAction","target":["https:\/\/www.tdsautocars.com\/location-autocar-saint-denis\/"]}]},{"@type":"BreadcrumbList","@id":"https:\/\/www.tdsautocars.com\/location-autocar-saint-denis\/#breadcrumb","itemListElement":[{"@type":"ListItem","position":1,"name":"Accueil","item":"https:\/\/www.tdsautocars.com\/"},{"@type":"ListItem","position":2,"name":"Location autocar Saint-Denis"}]},{"@type":"WebSite","@id":"https:\/\/www.tdsautocars.com\/#website","url":"https:\/\/www.tdsautocars.com\/","name":"Tds Autocars","description":"Coach rental with driver in the Paris region","potentialAction":[{"@type":"SearchAction","target":{"@type":"EntryPoint","urlTemplate":"https:\/\/www.tdsautocars.com\/?s={search_term_string}"},"query-input":{"@type":"PropertyValueSpecification","valueRequired":true,"valueName":"search_term_string"}}],"inLanguage":"en-GB"}]}},"_links":{"self":[{"href":"https:\/\/www.tdsautocars.com\/en\/wp-json\/wp\/v2\/pages\/2906","targetHints":{"allow":["GET"]}}],"collection":[{"href":"https:\/\/www.tdsautocars.com\/en\/wp-json\/wp\/v2\/pages"}],"about":[{"href":"https:\/\/www.tdsautocars.com\/en\/wp-json\/wp\/v2\/types\/page"}],"author":[{"embeddable":true,"href":"https:\/\/www.tdsautocars.com\/en\/wp-json\/wp\/v2\/users\/1"}],"replies":[{"embeddable":true,"href":"https:\/\/www.tdsautocars.com\/en\/wp-json\/wp\/v2\/comments?post=2906"}],"version-history":[{"count":4,"href":"https:\/\/www.tdsautocars.com\/en\/wp-json\/wp\/v2\/pages\/2906\/revisions"}],"predecessor-version":[{"id":2911,"href":"https:\/\/www.tdsautocars.com\/en\/wp-json\/wp\/v2\/pages\/2906\/revisions\/2911"}],"wp:attachment":[{"href":"https:\/\/www.tdsautocars.com\/en\/wp-json\/wp\/v2\/media?parent=2906"}],"curies":[{"name":"wp","href":"https:\/\/api.w.org\/{rel}","templated":true}]}}