{"id":2912,"date":"2026-03-10T11:52:54","date_gmt":"2026-03-10T10:52:54","guid":{"rendered":"https:\/\/www.tdsautocars.com\/?page_id=2912"},"modified":"2026-03-10T11:52:56","modified_gmt":"2026-03-10T10:52:56","slug":"coach-hire-boulogne-billancourt","status":"publish","type":"page","link":"https:\/\/www.tdsautocars.com\/en\/coach-hire-boulogne-billancourt\/","title":{"rendered":"Coach hire Boulogne-Billancourt"},"content":{"rendered":"\n[et_pb_section fb_built=\u00a0\u00bb1&Prime; module_id=\u00a0\u00bbbandeau-titre\u00a0\u00bb _builder_version=\u00a0\u00bb4.17.6&Prime; _module_preset=\u00a0\u00bbdefault\u00a0\u00bb background_color=\u00a0\u00bb#ff8d00&Prime; custom_padding=\u00a0\u00bb0px||0px|||\u00a0\u00bb global_colors_info=\u00a0\u00bb{}\u00a0\u00bb][et_pb_row column_structure=\u00a0\u00bb1_2,1_2&Prime; custom_padding_last_edited=\u00a0\u00bbon|phone\u00a0\u00bb _builder_version=\u00a0\u00bb4.16&Prime; _module_preset=\u00a0\u00bbdefault\u00a0\u00bb custom_padding=\u00a0\u00bb||||false|false\u00a0\u00bb custom_padding_tablet=\u00a0\u00bb\u00a0\u00bb custom_padding_phone=\u00a0\u00bb|20px||20px|false|true\u00a0\u00bb custom_css_main_element=\u00a0\u00bbdisplay:flex; ||align-items:center;\u00a0\u00bb global_colors_info=\u00a0\u00bb{}\u00a0\u00bb custom_css_main_element_last_edited=\u00a0\u00bbon|tablet\u00a0\u00bb custom_css_main_element_tablet=\u00a0\u00bb \u00a0\u00bb custom_css_main_element_phone=\u00a0\u00bb \u00ab\u00a0][et_pb_column type=\u00a0\u00bb1_2&Prime; _builder_version=\u00a0\u00bb4.16&Prime; _module_preset=\u00a0\u00bbdefault\u00a0\u00bb global_colors_info=\u00a0\u00bb{}\u00a0\u00bb][et_pb_text _builder_version=\u00a0\u00bb4.27.5&Prime; _module_preset=\u00a0\u00bbdefault\u00a0\u00bb text_font=\u00a0\u00bbMontserrat||||||||\u00a0\u00bb text_text_color=\u00a0\u00bb#ffffff\u00a0\u00bb header_font=\u00a0\u00bbMontserrat||||||||\u00a0\u00bb header_text_color=\u00a0\u00bb#ffffff\u00a0\u00bb header_font_size=\u00a0\u00bb24px\u00a0\u00bb width=\u00a0\u00bb120%\u00a0\u00bb width_tablet=\u00a0\u00bb\u00a0\u00bb width_phone=\u00a0\u00bb\u00a0\u00bb width_last_edited=\u00a0\u00bbon|tablet\u00a0\u00bb hover_enabled=\u00a0\u00bb0&Prime; text_orientation_tablet=\u00a0\u00bbcenter\u00a0\u00bb text_orientation_phone=\u00a0\u00bb\u00a0\u00bb text_orientation_last_edited=\u00a0\u00bbon|tablet\u00a0\u00bb global_colors_info=\u00a0\u00bb{}\u00a0\u00bb sticky_enabled=\u00a0\u00bb0&Prime;]<h1>Location d&rsquo;autocar \u00e0 Boulogne-Billancourt ?<\/h1>[\/et_pb_text][\/et_pb_column][et_pb_column type=\u00a0\u00bb1_2&Prime; _builder_version=\u00a0\u00bb4.16&Prime; _module_preset=\u00a0\u00bbdefault\u00a0\u00bb global_colors_info=\u00a0\u00bb{}\u00a0\u00bb][et_pb_code _builder_version=\u00a0\u00bb4.17.6&Prime; _module_preset=\u00a0\u00bbdefault\u00a0\u00bb text_orientation=\u00a0\u00bbright\u00a0\u00bb global_colors_info=\u00a0\u00bb{}\u00a0\u00bb]<span><span><a href=\"https:\/\/www.tdsautocars.com\/\">Accueil<\/a><\/span><\/span>[\/et_pb_code][\/et_pb_column][\/et_pb_row][\/et_pb_section][et_pb_section fb_built=\u00a0\u00bb1&Prime; use_custom_gutter=\u00a0\u00bbon\u00a0\u00bb gutter_width=\u00a0\u00bb2&Prime; specialty=\u00a0\u00bbon\u00a0\u00bb padding_top_2=\u00a0\u00bb0px\u00a0\u00bb padding_top_bottom_link_1=\u00a0\u00bbfalse\u00a0\u00bb padding_top_bottom_link_2=\u00a0\u00bbfalse\u00a0\u00bb padding_left_right_link_1=\u00a0\u00bbfalse\u00a0\u00bb padding_left_right_link_2=\u00a0\u00bbfalse\u00a0\u00bb _builder_version=\u00a0\u00bb4.16&Prime; _module_preset=\u00a0\u00bbdefault\u00a0\u00bb background_color=\u00a0\u00bb#ededdc\u00a0\u00bb custom_margin=\u00a0\u00bb||||false|false\u00a0\u00bb custom_padding=\u00a0\u00bb||||false|false\u00a0\u00bb global_colors_info=\u00a0\u00bb{}\u00a0\u00bb][et_pb_column type=\u00a0\u00bb3_4&Prime; specialty_columns=\u00a0\u00bb3&Prime; _builder_version=\u00a0\u00bb4.16&Prime; custom_padding=\u00a0\u00bb|||\u00a0\u00bb global_colors_info=\u00a0\u00bb{}\u00a0\u00bb custom_padding__hover=\u00a0\u00bb|||\u00a0\u00bb][et_pb_row_inner use_custom_gutter=\u00a0\u00bbon\u00a0\u00bb gutter_width=\u00a0\u00bb1&Prime; _builder_version=\u00a0\u00bb4.27.5&Prime; _module_preset=\u00a0\u00bbdefault\u00a0\u00bb custom_margin=\u00a0\u00bb0px||0px||true|false\u00a0\u00bb custom_padding=\u00a0\u00bb0px||0px|||\u00a0\u00bb global_colors_info=\u00a0\u00bb{}\u00a0\u00bb][et_pb_column_inner saved_specialty_column_type=\u00a0\u00bb3_4&Prime; _builder_version=\u00a0\u00bb4.16&Prime; _module_preset=\u00a0\u00bbdefault\u00a0\u00bb background_color=\u00a0\u00bb#ffffff\u00a0\u00bb custom_padding=\u00a0\u00bb||||false|false\u00a0\u00bb global_colors_info=\u00a0\u00bb{}\u00a0\u00bb][et_pb_text _builder_version=\u00a0\u00bb4.27.5&Prime; _module_preset=\u00a0\u00bbdefault\u00a0\u00bb custom_padding=\u00a0\u00bb||0px|5px|false|false\u00a0\u00bb global_colors_info=\u00a0\u00bb{}\u00a0\u00bb]<p><span style=\"font-weight: 400;\">Vous recherchez une solution fiable pour la location d\u2019autocar avec chauffeur \u00e0 Boulogne-Billancourt ? Que ce soit pour un s\u00e9minaire d\u2019entreprise, un mariage, un d\u00e9placement scolaire ou un transfert vers un a\u00e9roport, TDS Autocar organise votre transport collectif avec rigueur, ponctualit\u00e9 et confort.<\/span><\/p>\n<p><span style=\"font-weight: 400;\">Install\u00e9s en r\u00e9gion parisienne, nous intervenons r\u00e9guli\u00e8rement dans le 92 et ma\u00eetrisons parfaitement les contraintes de circulation autour de Boulogne-Billancourt, du Parc des Princes, des quais de Seine et des grands axes vers Paris.<\/span><span style=\"font-weight: 400;\"><\/span><span style=\"font-weight: 400;\"><\/span><\/p>\n<p><span style=\"font-weight: 400;\"><\/span><\/p>\n<p><span style=\"font-weight: 400;\"><\/span><\/p>[\/et_pb_text][et_pb_text _builder_version=\u00a0\u00bb4.27.5&Prime; _module_preset=\u00a0\u00bbdefault\u00a0\u00bb hover_enabled=\u00a0\u00bb0&Prime; sticky_enabled=\u00a0\u00bb0&Prime;]<h2><b>Pourquoi faire appel \u00e0 TDS \u00e0 Boulogne-Billancourt ?<\/b><\/h2>\n<p><span style=\"font-weight: 400;\">Dans une ville dynamique comme Boulogne-Billancourt, o\u00f9 si\u00e8ges d\u2019entreprises, studios, \u00e9v\u00e9nements sportifs et \u00e9tablissements scolaires g\u00e9n\u00e8rent des besoins constants en transport, l\u2019organisation logistique ne peut pas \u00eatre laiss\u00e9e au hasard.<\/span><\/p>\n<p><span style=\"font-weight: 400;\">TDS Autocar, c\u2019est :<\/span><\/p>\n<ul>\n<li style=\"font-weight: 400;\" aria-level=\"1\"><span style=\"font-weight: 400;\">Une flotte de v\u00e9hicules modernes et entretenus r\u00e9guli\u00e8rement<\/span><\/li>\n<li style=\"font-weight: 400;\" aria-level=\"1\"><span style=\"font-weight: 400;\">Des chauffeurs exp\u00e9riment\u00e9s, form\u00e9s \u00e0 la conduite en zone dense<\/span><\/li>\n<li style=\"font-weight: 400;\" aria-level=\"1\"><span style=\"font-weight: 400;\">Une coordination compl\u00e8te de votre trajet<\/span><\/li>\n<li style=\"font-weight: 400;\" aria-level=\"1\"><span style=\"font-weight: 400;\">Un interlocuteur unique pour simplifier vos \u00e9changes<\/span><\/li>\n<\/ul>\n<p><span style=\"font-weight: 400;\">Nous avons d\u00e9j\u00e0 accompagn\u00e9 de nombreux groupes pour des trajets en \u00cele-de-France et en province, avec un taux de satisfaction \u00e9lev\u00e9 et une exigence constante en mati\u00e8re de s\u00e9curit\u00e9.<\/span><\/p>\n<h2><b>Une solution adapt\u00e9e \u00e0 chaque type d\u2019\u00e9v\u00e9nement<\/b><\/h2>\n<h3><b>Transport d\u2019entreprise et s\u00e9minaires<\/b><\/h3>\n<p><span style=\"font-weight: 400;\">Boulogne-Billancourt concentre de nombreux si\u00e8ges sociaux et entreprises. Organiser un transport collectif vers La D\u00e9fense, un centre de congr\u00e8s ou une destination en province permet de renforcer la coh\u00e9sion d\u2019\u00e9quipe tout en simplifiant la gestion logistique.<\/span><\/p>\n<p><span style=\"font-weight: 400;\">Nos autocars assurent confort, ponctualit\u00e9 et organisation fluide pour vos collaborateurs.<\/span><\/p>\n<h3><b>Mariages et \u00e9v\u00e9nements priv\u00e9s<\/b><\/h3>\n<p><span style=\"font-weight: 400;\">Lors d\u2019un mariage ou d\u2019un \u00e9v\u00e9nement familial, la question du transport des invit\u00e9s est souvent complexe. La location d\u2019un autocar avec chauffeur permet d\u2019\u00e9viter les probl\u00e8mes de stationnement et de s\u00e9curiser les retours en soir\u00e9e. Vos invit\u00e9s profitent pleinement de l\u2019\u00e9v\u00e9nement sans contrainte.<\/span><\/p>\n<h3><b>Transferts a\u00e9roports et gares<\/b><\/h3>\n<p><span style=\"font-weight: 400;\">Nous assurons r\u00e9guli\u00e8rement des transferts vers Orly, Roissy Charles-de-Gaulle, ainsi que les grandes gares parisiennes. Un transport group\u00e9 optimise les co\u00fbts et garantit une arriv\u00e9e coordonn\u00e9e, notamment pour les groupes professionnels ou associatifs.<\/span><\/p>\n<h3><b>Sorties scolaires et associatives<\/b><\/h3>\n<p><span style=\"font-weight: 400;\">Nos v\u00e9hicules respectent les normes en vigueur et sont adapt\u00e9s au transport de groupes scolaires. Nos chauffeurs sont form\u00e9s pour assurer un d\u00e9placement s\u00e9curis\u00e9 et organis\u00e9.<\/span><\/p>[\/et_pb_text][\/et_pb_column_inner][\/et_pb_row_inner][et_pb_row_inner use_custom_gutter=\u00a0\u00bbon\u00a0\u00bb gutter_width=\u00a0\u00bb1&Prime; _builder_version=\u00a0\u00bb4.27.5&Prime; _module_preset=\u00a0\u00bbdefault\u00a0\u00bb custom_margin=\u00a0\u00bb0px||0px||true|false\u00a0\u00bb custom_padding=\u00a0\u00bb0px||0px|||\u00a0\u00bb global_colors_info=\u00a0\u00bb{}\u00a0\u00bb][et_pb_column_inner saved_specialty_column_type=\u00a0\u00bb3_4&Prime; _builder_version=\u00a0\u00bb4.16&Prime; _module_preset=\u00a0\u00bbdefault\u00a0\u00bb background_color=\u00a0\u00bb#ffffff\u00a0\u00bb custom_padding=\u00a0\u00bb||||false|false\u00a0\u00bb global_colors_info=\u00a0\u00bb{}\u00a0\u00bb][et_pb_text _builder_version=\u00a0\u00bb4.27.5&Prime; _module_preset=\u00a0\u00bbdefault\u00a0\u00bb custom_padding=\u00a0\u00bb||0px|5px|false|false\u00a0\u00bb global_colors_info=\u00a0\u00bb{}\u00a0\u00bb][\/et_pb_text][\/et_pb_column_inner][\/et_pb_row_inner][et_pb_row_inner column_structure=\u00a0\u00bb1_3,1_3,1_3&Prime; _builder_version=\u00a0\u00bb4.16&Prime; _module_preset=\u00a0\u00bbdefault\u00a0\u00bb background_color=\u00a0\u00bb#ffffff\u00a0\u00bb custom_padding=\u00a0\u00bb||0px|||\u00a0\u00bb global_colors_info=\u00a0\u00bb{}\u00a0\u00bb][et_pb_column_inner type=\u00a0\u00bb1_3&Prime; saved_specialty_column_type=\u00a0\u00bb3_4&Prime; _builder_version=\u00a0\u00bb4.16&Prime; _module_preset=\u00a0\u00bbdefault\u00a0\u00bb global_colors_info=\u00a0\u00bb{}\u00a0\u00bb][et_pb_image src=\u00a0\u00bbhttps:\/\/www.tdsautocars.com\/wp-content\/uploads\/2021\/11\/carte-meaux.png\u00a0\u00bb title_text=\u00a0\u00bbcarte meaux\u00a0\u00bb _builder_version=\u00a0\u00bb4.16&Prime; _module_preset=\u00a0\u00bbdefault\u00a0\u00bb global_colors_info=\u00a0\u00bb{}\u00a0\u00bb][\/et_pb_image][\/et_pb_column_inner][et_pb_column_inner type=\u00a0\u00bb1_3&Prime; saved_specialty_column_type=\u00a0\u00bb3_4&Prime; _builder_version=\u00a0\u00bb4.16&Prime; _module_preset=\u00a0\u00bbdefault\u00a0\u00bb global_colors_info=\u00a0\u00bb{}\u00a0\u00bb][et_pb_text _builder_version=\u00a0\u00bb4.27.5&Prime; _module_preset=\u00a0\u00bbdefault\u00a0\u00bb hover_enabled=\u00a0\u00bb0&Prime; global_colors_info=\u00a0\u00bb{}\u00a0\u00bb sticky_enabled=\u00a0\u00bb0&Prime;]<h3><strong>Boulogne-Billancourt &#8211; Paris centre<\/strong><\/h3>[\/et_pb_text][et_pb_text _builder_version=\u00a0\u00bb4.27.5&Prime; _module_preset=\u00a0\u00bbdefault\u00a0\u00bb hover_enabled=\u00a0\u00bb0&Prime; global_colors_info=\u00a0\u00bb{}\u00a0\u00bb sticky_enabled=\u00a0\u00bb0&Prime;]<h3><strong>Boulogne-Billancourt &#8211; Versailles<\/strong><\/h3>[\/et_pb_text][et_pb_text _builder_version=\u00a0\u00bb4.27.5&Prime; _module_preset=\u00a0\u00bbdefault\u00a0\u00bb hover_enabled=\u00a0\u00bb0&Prime; global_colors_info=\u00a0\u00bb{}\u00a0\u00bb sticky_enabled=\u00a0\u00bb0&Prime;]<h3><strong>Boulogne-Billancourt &#8211; Disneyland Paris<\/strong><\/h3>[\/et_pb_text][et_pb_text _builder_version=\u00a0\u00bb4.27.5&Prime; _module_preset=\u00a0\u00bbdefault\u00a0\u00bb hover_enabled=\u00a0\u00bb0&Prime; global_colors_info=\u00a0\u00bb{}\u00a0\u00bb sticky_enabled=\u00a0\u00bb0&Prime;]<h3><strong>Boulogne-Billancourt\u00a0&#8211; La D\u00e9fense<\/strong><\/h3>[\/et_pb_text][\/et_pb_column_inner][et_pb_column_inner type=\u00a0\u00bb1_3&Prime; saved_specialty_column_type=\u00a0\u00bb3_4&Prime; _builder_version=\u00a0\u00bb4.16&Prime; _module_preset=\u00a0\u00bbdefault\u00a0\u00bb global_colors_info=\u00a0\u00bb{}\u00a0\u00bb][et_pb_text _builder_version=\u00a0\u00bb4.27.5&Prime; _module_preset=\u00a0\u00bbdefault\u00a0\u00bb hover_enabled=\u00a0\u00bb0&Prime; global_colors_info=\u00a0\u00bb{}\u00a0\u00bb sticky_enabled=\u00a0\u00bb0&Prime;]<h3><strong>Boulogne-Billancourt\u00a0&#8211; A\u00e9roports Orly<\/strong><\/h3>[\/et_pb_text][et_pb_text _builder_version=\u00a0\u00bb4.27.5&Prime; _module_preset=\u00a0\u00bbdefault\u00a0\u00bb hover_enabled=\u00a0\u00bb0&Prime; global_colors_info=\u00a0\u00bb{}\u00a0\u00bb sticky_enabled=\u00a0\u00bb0&Prime;]<h3><strong>Boulogne-Billancourt &#8211; A\u00e9roports Roissy Charles-de-Gaulle<\/strong><\/h3>[\/et_pb_text][et_pb_text _builder_version=\u00a0\u00bb4.27.5&Prime; _module_preset=\u00a0\u00bbdefault\u00a0\u00bb hover_enabled=\u00a0\u00bb0&Prime; global_colors_info=\u00a0\u00bb{}\u00a0\u00bb sticky_enabled=\u00a0\u00bb0&Prime;]<h3><strong>Boulogne-Billancourt &#8211; Reims<\/strong><\/h3>[\/et_pb_text][et_pb_text _builder_version=\u00a0\u00bb4.27.5&Prime; _module_preset=\u00a0\u00bbdefault\u00a0\u00bb hover_enabled=\u00a0\u00bb0&Prime; global_colors_info=\u00a0\u00bb{}\u00a0\u00bb sticky_enabled=\u00a0\u00bb0&Prime;]<h3><strong>Boulogne-Billancourt &#8211; Lilles<\/strong><\/h3>[\/et_pb_text][\/et_pb_column_inner][\/et_pb_row_inner][et_pb_row_inner _builder_version=\u00a0\u00bb4.16&Prime; _module_preset=\u00a0\u00bbdefault\u00a0\u00bb background_color=\u00a0\u00bb#ffffff\u00a0\u00bb global_colors_info=\u00a0\u00bb{}\u00a0\u00bb][et_pb_column_inner saved_specialty_column_type=\u00a0\u00bb3_4&Prime; _builder_version=\u00a0\u00bb4.16&Prime; _module_preset=\u00a0\u00bbdefault\u00a0\u00bb global_colors_info=\u00a0\u00bb{}\u00a0\u00bb][et_pb_text _builder_version=\u00a0\u00bb4.27.5&Prime; _module_preset=\u00a0\u00bbdefault\u00a0\u00bb global_colors_info=\u00a0\u00bb{}\u00a0\u00bb]<h2><b>R\u00e9servez votre autocar \u00e0 Boulogne-Billancourt d\u00e8s aujourd\u2019hui<\/b><\/h2>\n<p><span style=\"font-weight: 400;\">Un d\u00e9placement collectif se pr\u00e9pare avec s\u00e9rieux. Ne laissez pas l\u2019organisation du transport devenir une source de stress.<\/span><\/p>\n<p><span style=\"font-weight: 400;\">Contactez TDS Autocar d\u00e8s maintenant pour obtenir votre devis personnalis\u00e9. Notre \u00e9quipe vous accompagne dans le choix du v\u00e9hicule, la planification des horaires et l\u2019optimisation du trajet.<\/span><\/p>\n<p><b>Location d\u2019autocar avec chauffeur \u00e0 Boulogne-Billancourt : optez pour un transport s\u00e9curis\u00e9, professionnel et parfaitement organis\u00e9.<\/b><\/p>[\/et_pb_text][et_pb_button button_url=\u00a0\u00bb\/devis\/\u00a0\u00bb button_text=\u00a0\u00bbDevis rapide\u00a0\u00bb button_alignment=\u00a0\u00bbcenter\u00a0\u00bb button_alignment_tablet=\u00a0\u00bbcenter\u00a0\u00bb button_alignment_phone=\u00a0\u00bb\u00a0\u00bb button_alignment_last_edited=\u00a0\u00bbon|tablet\u00a0\u00bb _builder_version=\u00a0\u00bb4.16&Prime; _module_preset=\u00a0\u00bbdefault\u00a0\u00bb custom_button=\u00a0\u00bbon\u00a0\u00bb button_text_color=\u00a0\u00bb#ffffff\u00a0\u00bb button_bg_color=\u00a0\u00bb#ff8d00&Prime; button_border_width=\u00a0\u00bb0px\u00a0\u00bb button_font=\u00a0\u00bbMontserrat|300||on|||||\u00a0\u00bb button_use_icon=\u00a0\u00bboff\u00a0\u00bb custom_margin=\u00a0\u00bb||||false|false\u00a0\u00bb custom_margin_tablet=\u00a0\u00bb10px||||false|false\u00a0\u00bb custom_margin_phone=\u00a0\u00bb\u00a0\u00bb custom_margin_last_edited=\u00a0\u00bbon|tablet\u00a0\u00bb custom_padding=\u00a0\u00bb20px|30px|20px|30px|true|true\u00a0\u00bb animation_direction=\u00a0\u00bbright\u00a0\u00bb locked=\u00a0\u00bboff\u00a0\u00bb global_colors_info=\u00a0\u00bb{}\u00a0\u00bb button_text_color__hover_enabled=\u00a0\u00bbon|hover\u00a0\u00bb button_text_color__hover=\u00a0\u00bb#ffffff\u00a0\u00bb button_bg_color__hover_enabled=\u00a0\u00bbon|hover\u00a0\u00bb button_bg_color__hover=\u00a0\u00bb#191f26&Prime; button_bg_enable_color__hover=\u00a0\u00bbon\u00a0\u00bb][\/et_pb_button][\/et_pb_column_inner][\/et_pb_row_inner][\/et_pb_column][et_pb_column type=\u00a0\u00bb1_4&Prime; _builder_version=\u00a0\u00bb4.16&Prime; custom_padding=\u00a0\u00bb|||\u00a0\u00bb global_colors_info=\u00a0\u00bb{}\u00a0\u00bb custom_padding__hover=\u00a0\u00bb|||\u00a0\u00bb][et_pb_text _builder_version=\u00a0\u00bb4.16&Prime; _module_preset=\u00a0\u00bbdefault\u00a0\u00bb text_font=\u00a0\u00bb||||||||\u00a0\u00bb text_text_color=\u00a0\u00bb#ffffff\u00a0\u00bb header_4_font=\u00a0\u00bbMontserrat|||on|||||\u00a0\u00bb header_4_text_color=\u00a0\u00bb#ffffff\u00a0\u00bb header_4_font_size=\u00a0\u00bb15px\u00a0\u00bb background_color=\u00a0\u00bb#191f26&Prime; module_alignment=\u00a0\u00bbright\u00a0\u00bb custom_margin=\u00a0\u00bb||0px||false|false\u00a0\u00bb custom_padding=\u00a0\u00bb17px|20px|10px|20px|false|true\u00a0\u00bb border_color_all=\u00a0\u00bbrgba(0,0,0,0)\u00a0\u00bb border_color_top=\u00a0\u00bbrgba(0,0,0,0)\u00a0\u00bb border_style_top=\u00a0\u00bbnone\u00a0\u00bb locked=\u00a0\u00bboff\u00a0\u00bb global_colors_info=\u00a0\u00bb{}\u00a0\u00bb]<h4>Besoin d&rsquo;aide ?<\/h4>[\/et_pb_text][et_pb_text _builder_version=\u00a0\u00bb4.16&Prime; _dynamic_attributes=\u00a0\u00bbcontent\u00a0\u00bb _module_preset=\u00a0\u00bbdefault\u00a0\u00bb text_font=\u00a0\u00bbMontserrat|300|||||||\u00a0\u00bb text_text_color=\u00a0\u00bb#34394a\u00a0\u00bb background_color=\u00a0\u00bb#ffffff\u00a0\u00bb custom_margin=\u00a0\u00bb0px||0px||false|false\u00a0\u00bb custom_padding=\u00a0\u00bb17px|20px|16px|20px|false|true\u00a0\u00bb locked=\u00a0\u00bboff\u00a0\u00bb global_colors_info=\u00a0\u00bb{}\u00a0\u00bb]@ET-DC@eyJkeW5hbWljIjp0cnVlLCJjb250ZW50IjoiY3VzdG9tX21ldGFfZGVzY3JpcHRpb25fYmVzb2luX2RhaWRlIiwic2V0dGluZ3MiOnsiYmVmb3JlIjoiIiwiYWZ0ZXIiOiIiLCJlbmFibGVfaHRtbCI6Im9uIn19@[\/et_pb_text][et_pb_blurb use_icon=\u00a0\u00bbon\u00a0\u00bb font_icon=\u00a0\u00bb&#xe090;||divi||400&Prime; icon_color=\u00a0\u00bb#191f26&Prime; icon_placement=\u00a0\u00bbleft\u00a0\u00bb image_icon_width=\u00a0\u00bb25px\u00a0\u00bb _builder_version=\u00a0\u00bb4.16&Prime; _dynamic_attributes=\u00a0\u00bbcontent\u00a0\u00bb _module_preset=\u00a0\u00bbdefault\u00a0\u00bb header_font=\u00a0\u00bbMontserrat|300|||||||\u00a0\u00bb header_text_color=\u00a0\u00bb#191f26&Prime; header_font_size=\u00a0\u00bb17px\u00a0\u00bb body_font=\u00a0\u00bbMontserrat|300|||||||\u00a0\u00bb body_text_color=\u00a0\u00bb#34394a\u00a0\u00bb body_font_size=\u00a0\u00bb17px\u00a0\u00bb background_color=\u00a0\u00bb#ffffff\u00a0\u00bb custom_margin=\u00a0\u00bb0px||||false|false\u00a0\u00bb custom_padding=\u00a0\u00bb17px|20px|16px|20px|false|true\u00a0\u00bb animation=\u00a0\u00bboff\u00a0\u00bb icon_font_size=\u00a0\u00bb25px\u00a0\u00bb locked=\u00a0\u00bboff\u00a0\u00bb global_colors_info=\u00a0\u00bb{}\u00a0\u00bb]@ET-DC@eyJkeW5hbWljIjp0cnVlLCJjb250ZW50IjoiY3VzdG9tX21ldGFfbnVtZXJvX2RlX3RlbGVwaG9uZSIsInNldHRpbmdzIjp7ImJlZm9yZSI6IiIsImFmdGVyIjoiIiwiZW5hYmxlX2h0bWwiOiJvbiJ9fQ==@[\/et_pb_blurb][et_pb_text _builder_version=\u00a0\u00bb4.16&Prime; _module_preset=\u00a0\u00bbdefault\u00a0\u00bb text_font=\u00a0\u00bbMontserrat||||||||\u00a0\u00bb text_text_color=\u00a0\u00bb#ffffff\u00a0\u00bb header_4_font=\u00a0\u00bbMontserrat|||on|||||\u00a0\u00bb header_4_text_color=\u00a0\u00bb#ffffff\u00a0\u00bb header_4_font_size=\u00a0\u00bb15px\u00a0\u00bb background_color=\u00a0\u00bb#191f26&Prime; custom_margin=\u00a0\u00bb20px||0px||false|false\u00a0\u00bb custom_padding=\u00a0\u00bb17px|20px|10px|20px|false|true\u00a0\u00bb border_color_top=\u00a0\u00bb#ededdc\u00a0\u00bb locked=\u00a0\u00bboff\u00a0\u00bb global_colors_info=\u00a0\u00bb{}\u00a0\u00bb]<h4> Nos autocars en image<\/h4>[\/et_pb_text][et_pb_image src=\u00a0\u00bbhttps:\/\/www.tdsautocars.com\/wp-content\/uploads\/2024\/10\/WhatsApp-Image-2024-10-17-a-11.20.12_9eeec080.jpg\u00a0\u00bb alt=\u00a0\u00bbint\u00e9rieur autocar TDS\u00a0\u00bb title_text=\u00a0\u00bbWhatsApp Image 2024-10-17 \u00e0 11.20.12_9eeec080&Prime; url=\u00a0\u00bb\/autocars-de-tourisme-paris\/\u00a0\u00bb _builder_version=\u00a0\u00bb4.22.2&Prime; _module_preset=\u00a0\u00bbdefault\u00a0\u00bb locked=\u00a0\u00bboff\u00a0\u00bb global_colors_info=\u00a0\u00bb{}\u00a0\u00bb][\/et_pb_image][et_pb_text _builder_version=\u00a0\u00bb4.16&Prime; _dynamic_attributes=\u00a0\u00bbcontent\u00a0\u00bb _module_preset=\u00a0\u00bbdefault\u00a0\u00bb text_font=\u00a0\u00bbMontserrat||||||||\u00a0\u00bb text_text_color=\u00a0\u00bb#ffffff\u00a0\u00bb header_4_font=\u00a0\u00bbMontserrat|||on|||||\u00a0\u00bb header_4_text_color=\u00a0\u00bb#ffffff\u00a0\u00bb header_4_font_size=\u00a0\u00bb15px\u00a0\u00bb background_color=\u00a0\u00bb#191f26&Prime; custom_margin=\u00a0\u00bb20px||2px||false|false\u00a0\u00bb custom_padding=\u00a0\u00bb17px|20px|10px|20px|false|true\u00a0\u00bb border_color_top=\u00a0\u00bbrgba(0,0,0,0)\u00a0\u00bb border_style_top=\u00a0\u00bbnone\u00a0\u00bb locked=\u00a0\u00bboff\u00a0\u00bb global_colors_info=\u00a0\u00bb{}\u00a0\u00bb]@ET-DC@eyJkeW5hbWljIjp0cnVlLCJjb250ZW50IjoiY3VzdG9tX21ldGFfcG91cnF1b2lfbm91c19jaG9pc2lyIiwic2V0dGluZ3MiOnsiYmVmb3JlIjoiPGg0PiIsImFmdGVyIjoiPC9oND4iLCJlbmFibGVfaHRtbCI6Im9uIn19@[\/et_pb_text][et_pb_blurb title=\u00a0\u00bb@ET-DC@eyJkeW5hbWljIjp0cnVlLCJjb250ZW50IjoiY3VzdG9tX21ldGFfdGl0cmVfYXRvdXRfMSIsInNldHRpbmdzIjp7ImJlZm9yZSI6IiIsImFmdGVyIjoiIiwiZW5hYmxlX2h0bWwiOiJvbiJ9fQ==@\u00a0\u00bb _builder_version=\u00a0\u00bb4.16&Prime; _dynamic_attributes=\u00a0\u00bbtitle,content\u00a0\u00bb _module_preset=\u00a0\u00bbdefault\u00a0\u00bb header_level=\u00a0\u00bbh5&Prime; header_font=\u00a0\u00bbMontserrat|600|||||||\u00a0\u00bb header_text_color=\u00a0\u00bb#34394a\u00a0\u00bb header_font_size=\u00a0\u00bb15px\u00a0\u00bb body_text_color=\u00a0\u00bb#34394a\u00a0\u00bb background_color=\u00a0\u00bb#ffffff\u00a0\u00bb custom_margin=\u00a0\u00bb||0px||false|false\u00a0\u00bb custom_padding=\u00a0\u00bb17px|20px|16px|20px|false|true\u00a0\u00bb locked=\u00a0\u00bboff\u00a0\u00bb global_colors_info=\u00a0\u00bb{}\u00a0\u00bb]@ET-DC@eyJkeW5hbWljIjp0cnVlLCJjb250ZW50IjoiY3VzdG9tX21ldGFfZGVzY3JpcHRpb25fYXRvdXRfMSIsInNldHRpbmdzIjp7ImJlZm9yZSI6IiIsImFmdGVyIjoiIiwiZW5hYmxlX2h0bWwiOiJvbiJ9fQ==@[\/et_pb_blurb][et_pb_blurb title=\u00a0\u00bb@ET-DC@eyJkeW5hbWljIjp0cnVlLCJjb250ZW50IjoiY3VzdG9tX21ldGFfdGl0cmVfYXRvdXRfMiIsInNldHRpbmdzIjp7ImJlZm9yZSI6IiIsImFmdGVyIjoiIiwiZW5hYmxlX2h0bWwiOiJvbiJ9fQ==@\u00a0\u00bb _builder_version=\u00a0\u00bb4.16&Prime; _dynamic_attributes=\u00a0\u00bbtitle,content\u00a0\u00bb _module_preset=\u00a0\u00bbdefault\u00a0\u00bb header_level=\u00a0\u00bbh5&Prime; header_font=\u00a0\u00bbMontserrat|600|||||||\u00a0\u00bb header_text_color=\u00a0\u00bb#34394a\u00a0\u00bb header_font_size=\u00a0\u00bb15px\u00a0\u00bb body_text_color=\u00a0\u00bb#34394a\u00a0\u00bb background_color=\u00a0\u00bb#ffffff\u00a0\u00bb custom_margin=\u00a0\u00bb0px||0px||false|false\u00a0\u00bb custom_padding=\u00a0\u00bb17px|20px|16px|20px|false|true\u00a0\u00bb locked=\u00a0\u00bboff\u00a0\u00bb global_colors_info=\u00a0\u00bb{}\u00a0\u00bb]@ET-DC@eyJkeW5hbWljIjp0cnVlLCJjb250ZW50IjoiY3VzdG9tX21ldGFfZGVzY3JpcHRpb25fYXRvdXRfMiIsInNldHRpbmdzIjp7ImJlZm9yZSI6IiIsImFmdGVyIjoiIiwiZW5hYmxlX2h0bWwiOiJvbiJ9fQ==@[\/et_pb_blurb][et_pb_blurb title=\u00a0\u00bb@ET-DC@eyJkeW5hbWljIjp0cnVlLCJjb250ZW50IjoiY3VzdG9tX21ldGFfdGl0cmVfYXRvdXRfMyIsInNldHRpbmdzIjp7ImJlZm9yZSI6IiIsImFmdGVyIjoiIiwiZW5hYmxlX2h0bWwiOiJvbiJ9fQ==@\u00a0\u00bb _builder_version=\u00a0\u00bb4.16&Prime; _dynamic_attributes=\u00a0\u00bbtitle,content\u00a0\u00bb _module_preset=\u00a0\u00bbdefault\u00a0\u00bb header_level=\u00a0\u00bbh5&Prime; header_font=\u00a0\u00bbMontserrat|600|||||||\u00a0\u00bb header_text_color=\u00a0\u00bb#34394a\u00a0\u00bb header_font_size=\u00a0\u00bb15px\u00a0\u00bb body_text_color=\u00a0\u00bb#34394a\u00a0\u00bb background_color=\u00a0\u00bb#ffffff\u00a0\u00bb custom_margin=\u00a0\u00bb0px||||false|false\u00a0\u00bb custom_padding=\u00a0\u00bb17px|20px|16px|20px|false|true\u00a0\u00bb locked=\u00a0\u00bboff\u00a0\u00bb global_colors_info=\u00a0\u00bb{}\u00a0\u00bb]@ET-DC@eyJkeW5hbWljIjp0cnVlLCJjb250ZW50IjoiY3VzdG9tX21ldGFfZGVzY3JpcHRpb25fYXRvdXRfMyIsInNldHRpbmdzIjp7ImJlZm9yZSI6IiIsImFmdGVyIjoiIiwiZW5hYmxlX2h0bWwiOiJvbiJ9fQ==@[\/et_pb_blurb][\/et_pb_column][\/et_pb_section]\n","protected":false},"excerpt":{"rendered":"<p>Location d&rsquo;autocar \u00e0 Boulogne-Billancourt ?<span><span><a href=\"https:\/\/www.tdsautocars.com\/\">Accueil<\/a><\/span><\/span>Vous recherchez une solution fiable pour la location d\u2019autocar avec chauffeur \u00e0 Boulogne-Billancourt ? Que ce soit pour un s\u00e9minaire d\u2019entreprise, un mariage, un d\u00e9placement scolaire ou un transfert vers un a\u00e9roport, TDS Autocar organise votre transport collectif avec rigueur, ponctualit\u00e9 et confort. Install\u00e9s en r\u00e9gion parisienne, nous intervenons r\u00e9guli\u00e8rement dans [&hellip;]<\/p>\n","protected":false},"author":1,"featured_media":0,"parent":0,"menu_order":0,"comment_status":"closed","ping_status":"closed","template":"","meta":{"_acf_changed":false,"_et_pb_use_builder":"on","_et_pb_old_content":"","_et_gb_content_width":"","_glsr_average":0,"_glsr_ranking":0,"_glsr_reviews":0,"footnotes":""},"class_list":["post-2912","page","type-page","status-publish","hentry"],"acf":[],"yoast_head":"<!-- This site is optimized with the Yoast SEO plugin v26.9 - https:\/\/yoast.com\/product\/yoast-seo-wordpress\/ -->\n<title>Location d&#039;autocar avec chauffeurs depuis Boulogne-Billancourt - Tds Autocars<\/title>\n<meta name=\"description\" content=\"TDS Autocars voyage fr\u00e9quemment depuis Boulogne-Billancourt - D\u00e9couvrez les locations d&#039;autocars avec chauffeurs les plus demand\u00e9es au d\u00e9part de Boulogne-Billancourt\" \/>\n<meta name=\"robots\" content=\"index, follow, max-snippet:-1, max-image-preview:large, max-video-preview:-1\" \/>\n<link rel=\"canonical\" href=\"https:\/\/www.tdsautocars.com\/en\/coach-hire-boulogne-billancourt\/\" \/>\n<meta property=\"og:locale\" content=\"en_GB\" \/>\n<meta property=\"og:type\" content=\"article\" \/>\n<meta property=\"og:title\" content=\"Location d&#039;autocar avec chauffeurs depuis Boulogne-Billancourt - Tds Autocars\" \/>\n<meta property=\"og:description\" content=\"TDS Autocars voyage fr\u00e9quemment depuis Boulogne-Billancourt - D\u00e9couvrez les locations d&#039;autocars avec chauffeurs les plus demand\u00e9es au d\u00e9part de Boulogne-Billancourt\" \/>\n<meta property=\"og:url\" content=\"https:\/\/www.tdsautocars.com\/en\/coach-hire-boulogne-billancourt\/\" \/>\n<meta property=\"og:site_name\" content=\"Tds Autocars\" \/>\n<meta property=\"article:modified_time\" content=\"2026-03-10T10:52:56+00:00\" \/>\n<meta name=\"twitter:card\" content=\"summary_large_image\" \/>\n<meta name=\"twitter:label1\" content=\"Estimated reading time\" \/>\n\t<meta name=\"twitter:data1\" content=\"3 minutes\" \/>\n<script type=\"application\/ld+json\" class=\"yoast-schema-graph\">{\"@context\":\"https:\/\/schema.org\",\"@graph\":[{\"@type\":\"WebPage\",\"@id\":\"https:\/\/www.tdsautocars.com\/location-autocar-boulogne-billancourt\/\",\"url\":\"https:\/\/www.tdsautocars.com\/location-autocar-boulogne-billancourt\/\",\"name\":\"Location d'autocar avec chauffeurs depuis Boulogne-Billancourt - Tds Autocars\",\"isPartOf\":{\"@id\":\"https:\/\/www.tdsautocars.com\/#website\"},\"datePublished\":\"2026-03-10T10:52:54+00:00\",\"dateModified\":\"2026-03-10T10:52:56+00:00\",\"description\":\"TDS Autocars voyage fr\u00e9quemment depuis Boulogne-Billancourt - D\u00e9couvrez les locations d'autocars avec chauffeurs les plus demand\u00e9es au d\u00e9part de Boulogne-Billancourt\",\"breadcrumb\":{\"@id\":\"https:\/\/www.tdsautocars.com\/location-autocar-boulogne-billancourt\/#breadcrumb\"},\"inLanguage\":\"en-GB\",\"potentialAction\":[{\"@type\":\"ReadAction\",\"target\":[\"https:\/\/www.tdsautocars.com\/location-autocar-boulogne-billancourt\/\"]}]},{\"@type\":\"BreadcrumbList\",\"@id\":\"https:\/\/www.tdsautocars.com\/location-autocar-boulogne-billancourt\/#breadcrumb\",\"itemListElement\":[{\"@type\":\"ListItem\",\"position\":1,\"name\":\"Accueil\",\"item\":\"https:\/\/www.tdsautocars.com\/\"},{\"@type\":\"ListItem\",\"position\":2,\"name\":\"Location autocar Boulogne-Billancourt\"}]},{\"@type\":\"WebSite\",\"@id\":\"https:\/\/www.tdsautocars.com\/#website\",\"url\":\"https:\/\/www.tdsautocars.com\/\",\"name\":\"Tds Autocars\",\"description\":\"Location Autocar avec chauffeur en r\u00e9gion parisienne\",\"potentialAction\":[{\"@type\":\"SearchAction\",\"target\":{\"@type\":\"EntryPoint\",\"urlTemplate\":\"https:\/\/www.tdsautocars.com\/?s={search_term_string}\"},\"query-input\":{\"@type\":\"PropertyValueSpecification\",\"valueRequired\":true,\"valueName\":\"search_term_string\"}}],\"inLanguage\":\"en-GB\"}]}<\/script>\n<!-- \/ Yoast SEO plugin. -->","yoast_head_json":{"title":"Coach hire with drivers from Boulogne-Billancourt - Tds Autocars","description":"TDS Autocars frequently travels from Boulogne-Billancourt - Discover the most popular coach hire with drivers departing from Boulogne-Billancourt","robots":{"index":"index","follow":"follow","max-snippet":"max-snippet:-1","max-image-preview":"max-image-preview:large","max-video-preview":"max-video-preview:-1"},"canonical":"https:\/\/www.tdsautocars.com\/en\/coach-hire-boulogne-billancourt\/","og_locale":"en_GB","og_type":"article","og_title":"Location d'autocar avec chauffeurs depuis Boulogne-Billancourt - Tds Autocars","og_description":"TDS Autocars voyage fr\u00e9quemment depuis Boulogne-Billancourt - D\u00e9couvrez les locations d'autocars avec chauffeurs les plus demand\u00e9es au d\u00e9part de Boulogne-Billancourt","og_url":"https:\/\/www.tdsautocars.com\/en\/coach-hire-boulogne-billancourt\/","og_site_name":"Tds Autocars","article_modified_time":"2026-03-10T10:52:56+00:00","twitter_card":"summary_large_image","twitter_misc":{"Estimated reading time":"3 minutes"},"schema":{"@context":"https:\/\/schema.org","@graph":[{"@type":"WebPage","@id":"https:\/\/www.tdsautocars.com\/location-autocar-boulogne-billancourt\/","url":"https:\/\/www.tdsautocars.com\/location-autocar-boulogne-billancourt\/","name":"Coach hire with drivers from Boulogne-Billancourt - Tds Autocars","isPartOf":{"@id":"https:\/\/www.tdsautocars.com\/#website"},"datePublished":"2026-03-10T10:52:54+00:00","dateModified":"2026-03-10T10:52:56+00:00","description":"TDS Autocars frequently travels from Boulogne-Billancourt - Discover the most popular coach hire with drivers departing from Boulogne-Billancourt","breadcrumb":{"@id":"https:\/\/www.tdsautocars.com\/location-autocar-boulogne-billancourt\/#breadcrumb"},"inLanguage":"en-GB","potentialAction":[{"@type":"ReadAction","target":["https:\/\/www.tdsautocars.com\/location-autocar-boulogne-billancourt\/"]}]},{"@type":"BreadcrumbList","@id":"https:\/\/www.tdsautocars.com\/location-autocar-boulogne-billancourt\/#breadcrumb","itemListElement":[{"@type":"ListItem","position":1,"name":"Accueil","item":"https:\/\/www.tdsautocars.com\/"},{"@type":"ListItem","position":2,"name":"Location autocar Boulogne-Billancourt"}]},{"@type":"WebSite","@id":"https:\/\/www.tdsautocars.com\/#website","url":"https:\/\/www.tdsautocars.com\/","name":"Tds Autocars","description":"Coach rental with driver in the Paris region","potentialAction":[{"@type":"SearchAction","target":{"@type":"EntryPoint","urlTemplate":"https:\/\/www.tdsautocars.com\/?s={search_term_string}"},"query-input":{"@type":"PropertyValueSpecification","valueRequired":true,"valueName":"search_term_string"}}],"inLanguage":"en-GB"}]}},"_links":{"self":[{"href":"https:\/\/www.tdsautocars.com\/en\/wp-json\/wp\/v2\/pages\/2912","targetHints":{"allow":["GET"]}}],"collection":[{"href":"https:\/\/www.tdsautocars.com\/en\/wp-json\/wp\/v2\/pages"}],"about":[{"href":"https:\/\/www.tdsautocars.com\/en\/wp-json\/wp\/v2\/types\/page"}],"author":[{"embeddable":true,"href":"https:\/\/www.tdsautocars.com\/en\/wp-json\/wp\/v2\/users\/1"}],"replies":[{"embeddable":true,"href":"https:\/\/www.tdsautocars.com\/en\/wp-json\/wp\/v2\/comments?post=2912"}],"version-history":[{"count":2,"href":"https:\/\/www.tdsautocars.com\/en\/wp-json\/wp\/v2\/pages\/2912\/revisions"}],"predecessor-version":[{"id":2915,"href":"https:\/\/www.tdsautocars.com\/en\/wp-json\/wp\/v2\/pages\/2912\/revisions\/2915"}],"wp:attachment":[{"href":"https:\/\/www.tdsautocars.com\/en\/wp-json\/wp\/v2\/media?parent=2912"}],"curies":[{"name":"wp","href":"https:\/\/api.w.org\/{rel}","templated":true}]}}