{"id":2924,"date":"2026-04-08T17:56:48","date_gmt":"2026-04-08T15:56:48","guid":{"rendered":"https:\/\/www.tdsautocars.com\/?page_id=2924"},"modified":"2026-04-08T17:56:50","modified_gmt":"2026-04-08T15:56:50","slug":"coach-hire-montreuil","status":"publish","type":"page","link":"https:\/\/www.tdsautocars.com\/en\/coach-hire-montreuil\/","title":{"rendered":"Coach hire in Montreuil"},"content":{"rendered":"\n[et_pb_section fb_built=\u00a0\u00bb1&Prime; module_id=\u00a0\u00bbbandeau-titre\u00a0\u00bb _builder_version=\u00a0\u00bb4.17.6&Prime; _module_preset=\u00a0\u00bbdefault\u00a0\u00bb background_color=\u00a0\u00bb#ff8d00&Prime; custom_padding=\u00a0\u00bb0px||0px|||\u00a0\u00bb global_colors_info=\u00a0\u00bb{}\u00a0\u00bb][et_pb_row column_structure=\u00a0\u00bb1_2,1_2&Prime; custom_padding_last_edited=\u00a0\u00bbon|phone\u00a0\u00bb _builder_version=\u00a0\u00bb4.16&Prime; _module_preset=\u00a0\u00bbdefault\u00a0\u00bb custom_padding=\u00a0\u00bb||||false|false\u00a0\u00bb custom_padding_tablet=\u00a0\u00bb\u00a0\u00bb custom_padding_phone=\u00a0\u00bb|20px||20px|false|true\u00a0\u00bb custom_css_main_element=\u00a0\u00bbdisplay:flex; ||align-items:center;\u00a0\u00bb global_colors_info=\u00a0\u00bb{}\u00a0\u00bb custom_css_main_element_last_edited=\u00a0\u00bbon|tablet\u00a0\u00bb custom_css_main_element_tablet=\u00a0\u00bb \u00a0\u00bb custom_css_main_element_phone=\u00a0\u00bb \u00ab\u00a0][et_pb_column type=\u00a0\u00bb1_2&Prime; _builder_version=\u00a0\u00bb4.16&Prime; _module_preset=\u00a0\u00bbdefault\u00a0\u00bb global_colors_info=\u00a0\u00bb{}\u00a0\u00bb][et_pb_text _builder_version=\u00a0\u00bb4.27.5&Prime; _module_preset=\u00a0\u00bbdefault\u00a0\u00bb text_font=\u00a0\u00bbMontserrat||||||||\u00a0\u00bb text_text_color=\u00a0\u00bb#ffffff\u00a0\u00bb header_font=\u00a0\u00bbMontserrat||||||||\u00a0\u00bb header_text_color=\u00a0\u00bb#ffffff\u00a0\u00bb header_font_size=\u00a0\u00bb24px\u00a0\u00bb width=\u00a0\u00bb120%\u00a0\u00bb width_tablet=\u00a0\u00bb\u00a0\u00bb width_phone=\u00a0\u00bb\u00a0\u00bb width_last_edited=\u00a0\u00bbon|tablet\u00a0\u00bb hover_enabled=\u00a0\u00bb0&Prime; text_orientation_tablet=\u00a0\u00bbcenter\u00a0\u00bb text_orientation_phone=\u00a0\u00bb\u00a0\u00bb text_orientation_last_edited=\u00a0\u00bbon|tablet\u00a0\u00bb global_colors_info=\u00a0\u00bb{}\u00a0\u00bb sticky_enabled=\u00a0\u00bb0&Prime;]<h1>Location d&rsquo;autocar \u00e0 Montreuil<\/h1>[\/et_pb_text][\/et_pb_column][et_pb_column type=\u00a0\u00bb1_2&Prime; _builder_version=\u00a0\u00bb4.16&Prime; _module_preset=\u00a0\u00bbdefault\u00a0\u00bb global_colors_info=\u00a0\u00bb{}\u00a0\u00bb][et_pb_code _builder_version=\u00a0\u00bb4.17.6&Prime; _module_preset=\u00a0\u00bbdefault\u00a0\u00bb text_orientation=\u00a0\u00bbright\u00a0\u00bb global_colors_info=\u00a0\u00bb{}\u00a0\u00bb]<span><span><a href=\"https:\/\/www.tdsautocars.com\/\">Accueil<\/a><\/span><\/span>[\/et_pb_code][\/et_pb_column][\/et_pb_row][\/et_pb_section][et_pb_section fb_built=\u00a0\u00bb1&Prime; use_custom_gutter=\u00a0\u00bbon\u00a0\u00bb gutter_width=\u00a0\u00bb2&Prime; specialty=\u00a0\u00bbon\u00a0\u00bb padding_top_2=\u00a0\u00bb0px\u00a0\u00bb padding_top_bottom_link_1=\u00a0\u00bbfalse\u00a0\u00bb padding_top_bottom_link_2=\u00a0\u00bbfalse\u00a0\u00bb padding_left_right_link_1=\u00a0\u00bbfalse\u00a0\u00bb padding_left_right_link_2=\u00a0\u00bbfalse\u00a0\u00bb _builder_version=\u00a0\u00bb4.16&Prime; _module_preset=\u00a0\u00bbdefault\u00a0\u00bb background_color=\u00a0\u00bb#ededdc\u00a0\u00bb custom_margin=\u00a0\u00bb||||false|false\u00a0\u00bb custom_padding=\u00a0\u00bb||||false|false\u00a0\u00bb global_colors_info=\u00a0\u00bb{}\u00a0\u00bb][et_pb_column type=\u00a0\u00bb3_4&Prime; specialty_columns=\u00a0\u00bb3&Prime; _builder_version=\u00a0\u00bb4.16&Prime; custom_padding=\u00a0\u00bb|||\u00a0\u00bb global_colors_info=\u00a0\u00bb{}\u00a0\u00bb custom_padding__hover=\u00a0\u00bb|||\u00a0\u00bb][et_pb_row_inner use_custom_gutter=\u00a0\u00bbon\u00a0\u00bb gutter_width=\u00a0\u00bb1&Prime; _builder_version=\u00a0\u00bb4.27.5&Prime; _module_preset=\u00a0\u00bbdefault\u00a0\u00bb custom_margin=\u00a0\u00bb0px||0px||true|false\u00a0\u00bb custom_padding=\u00a0\u00bb0px||0px|||\u00a0\u00bb global_colors_info=\u00a0\u00bb{}\u00a0\u00bb][et_pb_column_inner saved_specialty_column_type=\u00a0\u00bb3_4&Prime; _builder_version=\u00a0\u00bb4.16&Prime; _module_preset=\u00a0\u00bbdefault\u00a0\u00bb background_color=\u00a0\u00bb#ffffff\u00a0\u00bb custom_padding=\u00a0\u00bb||||false|false\u00a0\u00bb global_colors_info=\u00a0\u00bb{}\u00a0\u00bb][et_pb_text _builder_version=\u00a0\u00bb4.27.5&Prime; _module_preset=\u00a0\u00bbdefault\u00a0\u00bb custom_padding=\u00a0\u00bb||0px|5px|false|false\u00a0\u00bb global_colors_info=\u00a0\u00bb{}\u00a0\u00bb]<p>Bienvenue chez TDS Autocar ! Situ\u00e9e \u00e0 l\u2019est de Paris, Montreuil est une ville dynamique, culturelle et en pleine \u00e9volution. Entre entreprises, tournages, \u00e9tablissements scolaires, associations et \u00e9v\u00e9nements artistiques, les besoins en transport collectif y sont nombreux et vari\u00e9s.<\/p>\n<p>Avec notre service de location d\u2019autocar avec chauffeur \u00e0 Montreuil, vous b\u00e9n\u00e9ficiez d\u2019une solution fiable, confortable et parfaitement organis\u00e9e. Nous accompagnons chaque groupe avec rigueur afin de garantir ponctualit\u00e9, s\u00e9curit\u00e9 et s\u00e9r\u00e9nit\u00e9.<\/p>\n<p><span style=\"font-weight: 400;\"><\/span><\/p>\n<p><span style=\"font-weight: 400;\"><\/span><\/p>[\/et_pb_text][et_pb_text _builder_version=\u00a0\u00bb4.27.5&Prime; _module_preset=\u00a0\u00bbdefault\u00a0\u00bb global_colors_info=\u00a0\u00bb{}\u00a0\u00bb]<h2><strong>Pourquoi choisir TDS pour votre transport \u00e0 Montreuil ?<\/strong><\/h2>\n<p><span style=\"font-weight: 400;\">Organiser un d\u00e9placement collectif en Seine-Saint-Denis demande une parfaite ma\u00eetrise de la circulation et des contraintes locales. Entre le p\u00e9riph\u00e9rique, l\u2019A3, l\u2019A86 et les axes vers Paris centre, l\u2019anticipation est essentielle.<\/span><\/p>\n<p><span style=\"font-weight: 400;\">Depuis plus de 10 ans, TDS Autocar organise des trajets en \u00cele-de-France avec professionnalisme et exigence.<\/span><\/p>\n<p><span style=\"font-weight: 400;\">Faire appel \u00e0 TDS \u00e0 Montreuil, c\u2019est b\u00e9n\u00e9ficier :<\/span><\/p>\n<ul>\n<li style=\"font-weight: 400;\" aria-level=\"1\"><span style=\"font-weight: 400;\">D\u2019une flotte moderne et r\u00e9guli\u00e8rement entretenue<\/span><\/li>\n<li style=\"font-weight: 400;\" aria-level=\"1\"><span style=\"font-weight: 400;\">De chauffeurs exp\u00e9riment\u00e9s en conduite urbaine dense<\/span><\/li>\n<li style=\"font-weight: 400;\" aria-level=\"1\"><span style=\"font-weight: 400;\">D\u2019une parfaite connaissance des axes du 93 et de l\u2019Est parisien<\/span><\/li>\n<li style=\"font-weight: 400;\" aria-level=\"1\"><span style=\"font-weight: 400;\">D\u2019un interlocuteur unique pour simplifier l\u2019organisation<\/span><\/li>\n<\/ul>\n<p><span style=\"font-weight: 400;\">Nous coordonnons chaque \u00e9tape de votre d\u00e9placement afin d\u2019\u00e9viter les impr\u00e9vus et de garantir une exp\u00e9rience fluide.<\/span><\/p>\n<h2><strong>Une expertise du transport en Seine-Saint-Denis et \u00e0 l\u2019Est parisien<\/strong><\/h2>\n<p>Intervenir \u00e0 Montreuil demande une parfaite ma\u00eetrise des particularit\u00e9s locales. Nos \u00e9quipes connaissent les principaux points de passage et zones strat\u00e9giques, notamment :<\/p>\n<ul>\n<li>Les acc\u00e8s vers Croix-de-Chavaux et Mairie de Montreuil<\/li>\n<li>Les connexions rapides vers Paris (Porte de Montreuil, Porte de Bagnolet)<\/li>\n<li>Les zones d\u2019activit\u00e9s et lieux \u00e9v\u00e9nementiels du secteur<\/li>\n<li>Les itin\u00e9raires vers les gares, a\u00e9roports et p\u00f4les d\u2019affaires<\/li>\n<\/ul>\n<p>Cette connaissance du terrain permet d\u2019anticiper les ralentissements et d\u2019adapter les trajets en temps r\u00e9el pour assurer ponctualit\u00e9 et s\u00e9r\u00e9nit\u00e9.<\/p>\n<h2><strong>Les avantages d\u2019une location d\u2019autocar avec chauffeur \u00e0 Montreuil<\/strong><\/h2>\n<p>Opter pour la location d\u2019un autocar avec chauffeur \u00e0 Montreuil, c\u2019est faire le choix de la simplicit\u00e9 et du confort.<\/p>\n<p>Plus besoin de g\u00e9rer plusieurs v\u00e9hicules, de chercher des places de stationnement ou de coordonner les arriv\u00e9es : tout est centralis\u00e9 et optimis\u00e9.<\/p>\n<p>Pendant le trajet, vos passagers profitent pleinement du d\u00e9placement :<\/p>\n<ul>\n<li>Si\u00e8ges confortables et spacieux<\/li>\n<li>V\u00e9hicules climatis\u00e9s<\/li>\n<li>Espaces adapt\u00e9s pour les bagages ou le mat\u00e9riel<\/li>\n<\/ul>\n<p>Que ce soit pour un s\u00e9minaire, un \u00e9v\u00e9nement ou un transfert, vous b\u00e9n\u00e9ficiez d\u2019un service fiable, s\u00e9curis\u00e9 et parfaitement orchestr\u00e9.<\/p>[\/et_pb_text][\/et_pb_column_inner][\/et_pb_row_inner][et_pb_row_inner use_custom_gutter=\u00a0\u00bbon\u00a0\u00bb gutter_width=\u00a0\u00bb1&Prime; _builder_version=\u00a0\u00bb4.27.5&Prime; _module_preset=\u00a0\u00bbdefault\u00a0\u00bb custom_margin=\u00a0\u00bb0px||0px||true|false\u00a0\u00bb custom_padding=\u00a0\u00bb0px||0px|||\u00a0\u00bb global_colors_info=\u00a0\u00bb{}\u00a0\u00bb][et_pb_column_inner saved_specialty_column_type=\u00a0\u00bb3_4&Prime; _builder_version=\u00a0\u00bb4.16&Prime; _module_preset=\u00a0\u00bbdefault\u00a0\u00bb background_color=\u00a0\u00bb#ffffff\u00a0\u00bb custom_padding=\u00a0\u00bb||||false|false\u00a0\u00bb global_colors_info=\u00a0\u00bb{}\u00a0\u00bb][et_pb_text _builder_version=\u00a0\u00bb4.27.5&Prime; _module_preset=\u00a0\u00bbdefault\u00a0\u00bb custom_padding=\u00a0\u00bb||0px|5px|false|false\u00a0\u00bb global_colors_info=\u00a0\u00bb{}\u00a0\u00bb][\/et_pb_text][\/et_pb_column_inner][\/et_pb_row_inner][et_pb_row_inner column_structure=\u00a0\u00bb1_3,1_3,1_3&Prime; _builder_version=\u00a0\u00bb4.16&Prime; _module_preset=\u00a0\u00bbdefault\u00a0\u00bb background_color=\u00a0\u00bb#ffffff\u00a0\u00bb custom_padding=\u00a0\u00bb||0px|||\u00a0\u00bb global_colors_info=\u00a0\u00bb{}\u00a0\u00bb][et_pb_column_inner type=\u00a0\u00bb1_3&Prime; saved_specialty_column_type=\u00a0\u00bb3_4&Prime; _builder_version=\u00a0\u00bb4.16&Prime; _module_preset=\u00a0\u00bbdefault\u00a0\u00bb global_colors_info=\u00a0\u00bb{}\u00a0\u00bb][et_pb_image src=\u00a0\u00bbhttps:\/\/www.tdsautocars.com\/wp-content\/uploads\/2021\/11\/carte-meaux.png\u00a0\u00bb title_text=\u00a0\u00bbcarte meaux\u00a0\u00bb _builder_version=\u00a0\u00bb4.16&Prime; _module_preset=\u00a0\u00bbdefault\u00a0\u00bb global_colors_info=\u00a0\u00bb{}\u00a0\u00bb][\/et_pb_image][\/et_pb_column_inner][et_pb_column_inner type=\u00a0\u00bb1_3&Prime; saved_specialty_column_type=\u00a0\u00bb3_4&Prime; _builder_version=\u00a0\u00bb4.16&Prime; _module_preset=\u00a0\u00bbdefault\u00a0\u00bb global_colors_info=\u00a0\u00bb{}\u00a0\u00bb][et_pb_text _builder_version=\u00a0\u00bb4.27.5&Prime; _module_preset=\u00a0\u00bbdefault\u00a0\u00bb hover_enabled=\u00a0\u00bb0&Prime; global_colors_info=\u00a0\u00bb{}\u00a0\u00bb sticky_enabled=\u00a0\u00bb0&Prime;]<h3><strong>Montreuil &#8211; Paris centre<\/strong><\/h3>[\/et_pb_text][et_pb_text _builder_version=\u00a0\u00bb4.27.5&Prime; _module_preset=\u00a0\u00bbdefault\u00a0\u00bb hover_enabled=\u00a0\u00bb0&Prime; global_colors_info=\u00a0\u00bb{}\u00a0\u00bb sticky_enabled=\u00a0\u00bb0&Prime;]<h3><strong>Montreuil &#8211; Versailles<\/strong><\/h3>[\/et_pb_text][et_pb_text _builder_version=\u00a0\u00bb4.27.5&Prime; _module_preset=\u00a0\u00bbdefault\u00a0\u00bb hover_enabled=\u00a0\u00bb0&Prime; global_colors_info=\u00a0\u00bb{}\u00a0\u00bb sticky_enabled=\u00a0\u00bb0&Prime;]<h3><strong>Montreuil &#8211; Disneyland Paris<\/strong><\/h3>[\/et_pb_text][et_pb_text _builder_version=\u00a0\u00bb4.27.5&Prime; _module_preset=\u00a0\u00bbdefault\u00a0\u00bb hover_enabled=\u00a0\u00bb0&Prime; global_colors_info=\u00a0\u00bb{}\u00a0\u00bb sticky_enabled=\u00a0\u00bb0&Prime;]<h3><strong>Montreuil &#8211; La D\u00e9fense<\/strong><\/h3>[\/et_pb_text][\/et_pb_column_inner][et_pb_column_inner type=\u00a0\u00bb1_3&Prime; saved_specialty_column_type=\u00a0\u00bb3_4&Prime; _builder_version=\u00a0\u00bb4.16&Prime; _module_preset=\u00a0\u00bbdefault\u00a0\u00bb global_colors_info=\u00a0\u00bb{}\u00a0\u00bb][et_pb_text _builder_version=\u00a0\u00bb4.27.5&Prime; _module_preset=\u00a0\u00bbdefault\u00a0\u00bb hover_enabled=\u00a0\u00bb0&Prime; global_colors_info=\u00a0\u00bb{}\u00a0\u00bb sticky_enabled=\u00a0\u00bb0&Prime;]<h3><strong>Montreuil &#8211; A\u00e9roports Orly<\/strong><\/h3>[\/et_pb_text][et_pb_text _builder_version=\u00a0\u00bb4.27.5&Prime; _module_preset=\u00a0\u00bbdefault\u00a0\u00bb hover_enabled=\u00a0\u00bb0&Prime; global_colors_info=\u00a0\u00bb{}\u00a0\u00bb sticky_enabled=\u00a0\u00bb0&Prime;]<h3><strong>Montreuil &#8211; A\u00e9roports Roissy Charles-de-Gaulle<\/strong><\/h3>[\/et_pb_text][et_pb_text _builder_version=\u00a0\u00bb4.27.5&Prime; _module_preset=\u00a0\u00bbdefault\u00a0\u00bb hover_enabled=\u00a0\u00bb0&Prime; global_colors_info=\u00a0\u00bb{}\u00a0\u00bb sticky_enabled=\u00a0\u00bb0&Prime;]<h3><strong>Montreuil &#8211; Reims<\/strong><\/h3>[\/et_pb_text][et_pb_text _builder_version=\u00a0\u00bb4.27.5&Prime; _module_preset=\u00a0\u00bbdefault\u00a0\u00bb hover_enabled=\u00a0\u00bb0&Prime; global_colors_info=\u00a0\u00bb{}\u00a0\u00bb sticky_enabled=\u00a0\u00bb0&Prime;]<h3><strong>Montreuil &#8211; Fontainebleau<\/strong><\/h3>[\/et_pb_text][\/et_pb_column_inner][\/et_pb_row_inner][et_pb_row_inner _builder_version=\u00a0\u00bb4.16&Prime; _module_preset=\u00a0\u00bbdefault\u00a0\u00bb background_color=\u00a0\u00bb#ffffff\u00a0\u00bb global_colors_info=\u00a0\u00bb{}\u00a0\u00bb][et_pb_column_inner saved_specialty_column_type=\u00a0\u00bb3_4&Prime; _builder_version=\u00a0\u00bb4.16&Prime; _module_preset=\u00a0\u00bbdefault\u00a0\u00bb global_colors_info=\u00a0\u00bb{}\u00a0\u00bb][et_pb_text _builder_version=\u00a0\u00bb4.27.5&Prime; _module_preset=\u00a0\u00bbdefault\u00a0\u00bb global_colors_info=\u00a0\u00bb{}\u00a0\u00bb]<h2><strong>R\u00e9servez votre autocar avec chauffeur \u00e0 Montreuil d\u00e8s maintenant<\/strong><\/h2>\n<p>La r\u00e9ussite d\u2019un d\u00e9placement en groupe repose avant tout sur une organisation pr\u00e9cise et une logistique ma\u00eetris\u00e9e.<\/p>\n<p>Que vous planifiiez un \u00e9v\u00e9nement d\u2019entreprise, un mariage, une sortie scolaire ou un transfert vers un a\u00e9roport, TDS Autocar vous accompagne \u00e0 chaque \u00e9tape pour assurer un transport fluide et parfaitement coordonn\u00e9 depuis Montreuil.<\/p>\n<p>Notre \u00e9quipe met tout en \u0153uvre pour adapter la solution de transport \u00e0 vos besoins sp\u00e9cifiques, en tenant compte de vos contraintes horaires, du nombre de passagers et de votre destination.<\/p>\n<p>Demandez d\u00e8s aujourd\u2019hui votre devis gratuit et sur mesure.<\/p>\n<p>Faire appel \u00e0 TDS pour une location d\u2019autocar avec chauffeur \u00e0 Montreuil, c\u2019est choisir un partenaire de confiance, reconnu pour sa r\u00e9activit\u00e9, son s\u00e9rieux et sa connaissance du terrain en Seine-Saint-Denis et dans toute l\u2019\u00cele-de-France.<\/p>[\/et_pb_text][et_pb_button button_url=\u00a0\u00bb\/devis\/\u00a0\u00bb button_text=\u00a0\u00bbDevis rapide\u00a0\u00bb button_alignment=\u00a0\u00bbcenter\u00a0\u00bb button_alignment_tablet=\u00a0\u00bbcenter\u00a0\u00bb button_alignment_phone=\u00a0\u00bb\u00a0\u00bb button_alignment_last_edited=\u00a0\u00bbon|tablet\u00a0\u00bb _builder_version=\u00a0\u00bb4.16&Prime; _module_preset=\u00a0\u00bbdefault\u00a0\u00bb custom_button=\u00a0\u00bbon\u00a0\u00bb button_text_color=\u00a0\u00bb#ffffff\u00a0\u00bb button_bg_color=\u00a0\u00bb#ff8d00&Prime; button_border_width=\u00a0\u00bb0px\u00a0\u00bb button_font=\u00a0\u00bbMontserrat|300||on|||||\u00a0\u00bb button_use_icon=\u00a0\u00bboff\u00a0\u00bb custom_margin=\u00a0\u00bb||||false|false\u00a0\u00bb custom_margin_tablet=\u00a0\u00bb10px||||false|false\u00a0\u00bb custom_margin_phone=\u00a0\u00bb\u00a0\u00bb custom_margin_last_edited=\u00a0\u00bbon|tablet\u00a0\u00bb custom_padding=\u00a0\u00bb20px|30px|20px|30px|true|true\u00a0\u00bb animation_direction=\u00a0\u00bbright\u00a0\u00bb locked=\u00a0\u00bboff\u00a0\u00bb global_colors_info=\u00a0\u00bb{}\u00a0\u00bb button_text_color__hover_enabled=\u00a0\u00bbon|hover\u00a0\u00bb button_text_color__hover=\u00a0\u00bb#ffffff\u00a0\u00bb button_bg_color__hover_enabled=\u00a0\u00bbon|hover\u00a0\u00bb button_bg_color__hover=\u00a0\u00bb#191f26&Prime; button_bg_enable_color__hover=\u00a0\u00bbon\u00a0\u00bb][\/et_pb_button][\/et_pb_column_inner][\/et_pb_row_inner][\/et_pb_column][et_pb_column type=\u00a0\u00bb1_4&Prime; _builder_version=\u00a0\u00bb4.16&Prime; custom_padding=\u00a0\u00bb|||\u00a0\u00bb global_colors_info=\u00a0\u00bb{}\u00a0\u00bb custom_padding__hover=\u00a0\u00bb|||\u00a0\u00bb][et_pb_text _builder_version=\u00a0\u00bb4.16&Prime; _module_preset=\u00a0\u00bbdefault\u00a0\u00bb text_font=\u00a0\u00bb||||||||\u00a0\u00bb text_text_color=\u00a0\u00bb#ffffff\u00a0\u00bb header_4_font=\u00a0\u00bbMontserrat|||on|||||\u00a0\u00bb header_4_text_color=\u00a0\u00bb#ffffff\u00a0\u00bb header_4_font_size=\u00a0\u00bb15px\u00a0\u00bb background_color=\u00a0\u00bb#191f26&Prime; module_alignment=\u00a0\u00bbright\u00a0\u00bb custom_margin=\u00a0\u00bb||0px||false|false\u00a0\u00bb custom_padding=\u00a0\u00bb17px|20px|10px|20px|false|true\u00a0\u00bb border_color_all=\u00a0\u00bbrgba(0,0,0,0)\u00a0\u00bb border_color_top=\u00a0\u00bbrgba(0,0,0,0)\u00a0\u00bb border_style_top=\u00a0\u00bbnone\u00a0\u00bb locked=\u00a0\u00bboff\u00a0\u00bb global_colors_info=\u00a0\u00bb{}\u00a0\u00bb]<h4>Besoin d&rsquo;aide ?<\/h4>[\/et_pb_text][et_pb_text _builder_version=\u00a0\u00bb4.16&Prime; _dynamic_attributes=\u00a0\u00bbcontent\u00a0\u00bb _module_preset=\u00a0\u00bbdefault\u00a0\u00bb text_font=\u00a0\u00bbMontserrat|300|||||||\u00a0\u00bb text_text_color=\u00a0\u00bb#34394a\u00a0\u00bb background_color=\u00a0\u00bb#ffffff\u00a0\u00bb custom_margin=\u00a0\u00bb0px||0px||false|false\u00a0\u00bb custom_padding=\u00a0\u00bb17px|20px|16px|20px|false|true\u00a0\u00bb locked=\u00a0\u00bboff\u00a0\u00bb global_colors_info=\u00a0\u00bb{}\u00a0\u00bb]@ET-DC@eyJkeW5hbWljIjp0cnVlLCJjb250ZW50IjoiY3VzdG9tX21ldGFfZGVzY3JpcHRpb25fYmVzb2luX2RhaWRlIiwic2V0dGluZ3MiOnsiYmVmb3JlIjoiIiwiYWZ0ZXIiOiIiLCJlbmFibGVfaHRtbCI6Im9uIn19@[\/et_pb_text][et_pb_blurb use_icon=\u00a0\u00bbon\u00a0\u00bb font_icon=\u00a0\u00bb&#xe090;||divi||400&Prime; icon_color=\u00a0\u00bb#191f26&Prime; icon_placement=\u00a0\u00bbleft\u00a0\u00bb image_icon_width=\u00a0\u00bb25px\u00a0\u00bb _builder_version=\u00a0\u00bb4.16&Prime; _dynamic_attributes=\u00a0\u00bbcontent\u00a0\u00bb _module_preset=\u00a0\u00bbdefault\u00a0\u00bb header_font=\u00a0\u00bbMontserrat|300|||||||\u00a0\u00bb header_text_color=\u00a0\u00bb#191f26&Prime; header_font_size=\u00a0\u00bb17px\u00a0\u00bb body_font=\u00a0\u00bbMontserrat|300|||||||\u00a0\u00bb body_text_color=\u00a0\u00bb#34394a\u00a0\u00bb body_font_size=\u00a0\u00bb17px\u00a0\u00bb background_color=\u00a0\u00bb#ffffff\u00a0\u00bb custom_margin=\u00a0\u00bb0px||||false|false\u00a0\u00bb custom_padding=\u00a0\u00bb17px|20px|16px|20px|false|true\u00a0\u00bb animation=\u00a0\u00bboff\u00a0\u00bb icon_font_size=\u00a0\u00bb25px\u00a0\u00bb locked=\u00a0\u00bboff\u00a0\u00bb global_colors_info=\u00a0\u00bb{}\u00a0\u00bb]@ET-DC@eyJkeW5hbWljIjp0cnVlLCJjb250ZW50IjoiY3VzdG9tX21ldGFfbnVtZXJvX2RlX3RlbGVwaG9uZSIsInNldHRpbmdzIjp7ImJlZm9yZSI6IiIsImFmdGVyIjoiIiwiZW5hYmxlX2h0bWwiOiJvbiJ9fQ==@[\/et_pb_blurb][et_pb_text _builder_version=\u00a0\u00bb4.16&Prime; _module_preset=\u00a0\u00bbdefault\u00a0\u00bb text_font=\u00a0\u00bbMontserrat||||||||\u00a0\u00bb text_text_color=\u00a0\u00bb#ffffff\u00a0\u00bb header_4_font=\u00a0\u00bbMontserrat|||on|||||\u00a0\u00bb header_4_text_color=\u00a0\u00bb#ffffff\u00a0\u00bb header_4_font_size=\u00a0\u00bb15px\u00a0\u00bb background_color=\u00a0\u00bb#191f26&Prime; custom_margin=\u00a0\u00bb20px||0px||false|false\u00a0\u00bb custom_padding=\u00a0\u00bb17px|20px|10px|20px|false|true\u00a0\u00bb border_color_top=\u00a0\u00bb#ededdc\u00a0\u00bb locked=\u00a0\u00bboff\u00a0\u00bb global_colors_info=\u00a0\u00bb{}\u00a0\u00bb]<h4> Nos autocars en image<\/h4>[\/et_pb_text][et_pb_image src=\u00a0\u00bbhttps:\/\/www.tdsautocars.com\/wp-content\/uploads\/2024\/10\/WhatsApp-Image-2024-10-17-a-11.20.12_9eeec080.jpg\u00a0\u00bb alt=\u00a0\u00bbint\u00e9rieur autocar TDS\u00a0\u00bb title_text=\u00a0\u00bbWhatsApp Image 2024-10-17 \u00e0 11.20.12_9eeec080&Prime; url=\u00a0\u00bb\/autocars-de-tourisme-paris\/\u00a0\u00bb _builder_version=\u00a0\u00bb4.22.2&Prime; _module_preset=\u00a0\u00bbdefault\u00a0\u00bb locked=\u00a0\u00bboff\u00a0\u00bb global_colors_info=\u00a0\u00bb{}\u00a0\u00bb][\/et_pb_image][et_pb_text _builder_version=\u00a0\u00bb4.16&Prime; _dynamic_attributes=\u00a0\u00bbcontent\u00a0\u00bb _module_preset=\u00a0\u00bbdefault\u00a0\u00bb text_font=\u00a0\u00bbMontserrat||||||||\u00a0\u00bb text_text_color=\u00a0\u00bb#ffffff\u00a0\u00bb header_4_font=\u00a0\u00bbMontserrat|||on|||||\u00a0\u00bb header_4_text_color=\u00a0\u00bb#ffffff\u00a0\u00bb header_4_font_size=\u00a0\u00bb15px\u00a0\u00bb background_color=\u00a0\u00bb#191f26&Prime; custom_margin=\u00a0\u00bb20px||2px||false|false\u00a0\u00bb custom_padding=\u00a0\u00bb17px|20px|10px|20px|false|true\u00a0\u00bb border_color_top=\u00a0\u00bbrgba(0,0,0,0)\u00a0\u00bb border_style_top=\u00a0\u00bbnone\u00a0\u00bb locked=\u00a0\u00bboff\u00a0\u00bb global_colors_info=\u00a0\u00bb{}\u00a0\u00bb]@ET-DC@eyJkeW5hbWljIjp0cnVlLCJjb250ZW50IjoiY3VzdG9tX21ldGFfcG91cnF1b2lfbm91c19jaG9pc2lyIiwic2V0dGluZ3MiOnsiYmVmb3JlIjoiPGg0PiIsImFmdGVyIjoiPC9oND4iLCJlbmFibGVfaHRtbCI6Im9uIn19@[\/et_pb_text][et_pb_blurb title=\u00a0\u00bb@ET-DC@eyJkeW5hbWljIjp0cnVlLCJjb250ZW50IjoiY3VzdG9tX21ldGFfdGl0cmVfYXRvdXRfMSIsInNldHRpbmdzIjp7ImJlZm9yZSI6IiIsImFmdGVyIjoiIiwiZW5hYmxlX2h0bWwiOiJvbiJ9fQ==@\u00a0\u00bb _builder_version=\u00a0\u00bb4.16&Prime; _dynamic_attributes=\u00a0\u00bbtitle,content\u00a0\u00bb _module_preset=\u00a0\u00bbdefault\u00a0\u00bb header_level=\u00a0\u00bbh5&Prime; header_font=\u00a0\u00bbMontserrat|600|||||||\u00a0\u00bb header_text_color=\u00a0\u00bb#34394a\u00a0\u00bb header_font_size=\u00a0\u00bb15px\u00a0\u00bb body_text_color=\u00a0\u00bb#34394a\u00a0\u00bb background_color=\u00a0\u00bb#ffffff\u00a0\u00bb custom_margin=\u00a0\u00bb||0px||false|false\u00a0\u00bb custom_padding=\u00a0\u00bb17px|20px|16px|20px|false|true\u00a0\u00bb locked=\u00a0\u00bboff\u00a0\u00bb global_colors_info=\u00a0\u00bb{}\u00a0\u00bb]@ET-DC@eyJkeW5hbWljIjp0cnVlLCJjb250ZW50IjoiY3VzdG9tX21ldGFfZGVzY3JpcHRpb25fYXRvdXRfMSIsInNldHRpbmdzIjp7ImJlZm9yZSI6IiIsImFmdGVyIjoiIiwiZW5hYmxlX2h0bWwiOiJvbiJ9fQ==@[\/et_pb_blurb][et_pb_blurb title=\u00a0\u00bb@ET-DC@eyJkeW5hbWljIjp0cnVlLCJjb250ZW50IjoiY3VzdG9tX21ldGFfdGl0cmVfYXRvdXRfMiIsInNldHRpbmdzIjp7ImJlZm9yZSI6IiIsImFmdGVyIjoiIiwiZW5hYmxlX2h0bWwiOiJvbiJ9fQ==@\u00a0\u00bb _builder_version=\u00a0\u00bb4.16&Prime; _dynamic_attributes=\u00a0\u00bbtitle,content\u00a0\u00bb _module_preset=\u00a0\u00bbdefault\u00a0\u00bb header_level=\u00a0\u00bbh5&Prime; header_font=\u00a0\u00bbMontserrat|600|||||||\u00a0\u00bb header_text_color=\u00a0\u00bb#34394a\u00a0\u00bb header_font_size=\u00a0\u00bb15px\u00a0\u00bb body_text_color=\u00a0\u00bb#34394a\u00a0\u00bb background_color=\u00a0\u00bb#ffffff\u00a0\u00bb custom_margin=\u00a0\u00bb0px||0px||false|false\u00a0\u00bb custom_padding=\u00a0\u00bb17px|20px|16px|20px|false|true\u00a0\u00bb locked=\u00a0\u00bboff\u00a0\u00bb global_colors_info=\u00a0\u00bb{}\u00a0\u00bb]@ET-DC@eyJkeW5hbWljIjp0cnVlLCJjb250ZW50IjoiY3VzdG9tX21ldGFfZGVzY3JpcHRpb25fYXRvdXRfMiIsInNldHRpbmdzIjp7ImJlZm9yZSI6IiIsImFmdGVyIjoiIiwiZW5hYmxlX2h0bWwiOiJvbiJ9fQ==@[\/et_pb_blurb][et_pb_blurb title=\u00a0\u00bb@ET-DC@eyJkeW5hbWljIjp0cnVlLCJjb250ZW50IjoiY3VzdG9tX21ldGFfdGl0cmVfYXRvdXRfMyIsInNldHRpbmdzIjp7ImJlZm9yZSI6IiIsImFmdGVyIjoiIiwiZW5hYmxlX2h0bWwiOiJvbiJ9fQ==@\u00a0\u00bb _builder_version=\u00a0\u00bb4.16&Prime; _dynamic_attributes=\u00a0\u00bbtitle,content\u00a0\u00bb _module_preset=\u00a0\u00bbdefault\u00a0\u00bb header_level=\u00a0\u00bbh5&Prime; header_font=\u00a0\u00bbMontserrat|600|||||||\u00a0\u00bb header_text_color=\u00a0\u00bb#34394a\u00a0\u00bb header_font_size=\u00a0\u00bb15px\u00a0\u00bb body_text_color=\u00a0\u00bb#34394a\u00a0\u00bb background_color=\u00a0\u00bb#ffffff\u00a0\u00bb custom_margin=\u00a0\u00bb0px||||false|false\u00a0\u00bb custom_padding=\u00a0\u00bb17px|20px|16px|20px|false|true\u00a0\u00bb locked=\u00a0\u00bboff\u00a0\u00bb global_colors_info=\u00a0\u00bb{}\u00a0\u00bb]@ET-DC@eyJkeW5hbWljIjp0cnVlLCJjb250ZW50IjoiY3VzdG9tX21ldGFfZGVzY3JpcHRpb25fYXRvdXRfMyIsInNldHRpbmdzIjp7ImJlZm9yZSI6IiIsImFmdGVyIjoiIiwiZW5hYmxlX2h0bWwiOiJvbiJ9fQ==@[\/et_pb_blurb][\/et_pb_column][\/et_pb_section]\n","protected":false},"excerpt":{"rendered":"<p>Location d&rsquo;autocar \u00e0 Montreuil<span><span><a href=\"https:\/\/www.tdsautocars.com\/\">Accueil<\/a><\/span><\/span>Bienvenue chez TDS Autocar ! Situ\u00e9e \u00e0 l\u2019est de Paris, Montreuil est une ville dynamique, culturelle et en pleine \u00e9volution. Entre entreprises, tournages, \u00e9tablissements scolaires, associations et \u00e9v\u00e9nements artistiques, les besoins en transport collectif y sont nombreux et vari\u00e9s. Avec notre service de location d\u2019autocar avec chauffeur \u00e0 Montreuil, vous b\u00e9n\u00e9ficiez d\u2019une [&hellip;]<\/p>\n","protected":false},"author":1,"featured_media":0,"parent":0,"menu_order":0,"comment_status":"closed","ping_status":"closed","template":"","meta":{"_acf_changed":false,"_et_pb_use_builder":"on","_et_pb_old_content":"","_et_gb_content_width":"","_glsr_average":0,"_glsr_ranking":0,"_glsr_reviews":0,"footnotes":""},"class_list":["post-2924","page","type-page","status-publish","hentry"],"acf":[],"yoast_head":"<!-- This site is optimized with the Yoast SEO plugin v26.9 - https:\/\/yoast.com\/product\/yoast-seo-wordpress\/ -->\n<title>Location d&#039;autocar avec chauffeurs depuis Montreuil - Tds Autocars<\/title>\n<meta name=\"description\" content=\"TDS Autocars voyage fr\u00e9quemment depuis Montreuil - D\u00e9couvrez les locations d&#039;autocars avec chauffeurs les plus demand\u00e9es au d\u00e9part de Cr\u00e9teil\" \/>\n<meta name=\"robots\" content=\"index, follow, max-snippet:-1, max-image-preview:large, max-video-preview:-1\" \/>\n<link rel=\"canonical\" href=\"https:\/\/www.tdsautocars.com\/en\/coach-hire-montreuil\/\" \/>\n<meta property=\"og:locale\" content=\"en_GB\" \/>\n<meta property=\"og:type\" content=\"article\" \/>\n<meta property=\"og:title\" content=\"Location d&#039;autocar avec chauffeurs depuis Montreuil - Tds Autocars\" \/>\n<meta property=\"og:description\" content=\"TDS Autocars voyage fr\u00e9quemment depuis Montreuil - D\u00e9couvrez les locations d&#039;autocars avec chauffeurs les plus demand\u00e9es au d\u00e9part de Cr\u00e9teil\" \/>\n<meta property=\"og:url\" content=\"https:\/\/www.tdsautocars.com\/en\/coach-hire-montreuil\/\" \/>\n<meta property=\"og:site_name\" content=\"Tds Autocars\" \/>\n<meta property=\"article:modified_time\" content=\"2026-04-08T15:56:50+00:00\" \/>\n<meta name=\"twitter:card\" content=\"summary_large_image\" \/>\n<meta name=\"twitter:label1\" content=\"Estimated reading time\" \/>\n\t<meta name=\"twitter:data1\" content=\"4 minutes\" \/>\n<script type=\"application\/ld+json\" class=\"yoast-schema-graph\">{\"@context\":\"https:\/\/schema.org\",\"@graph\":[{\"@type\":\"WebPage\",\"@id\":\"https:\/\/www.tdsautocars.com\/location-autocar-montreuil\/\",\"url\":\"https:\/\/www.tdsautocars.com\/location-autocar-montreuil\/\",\"name\":\"Location d'autocar avec chauffeurs depuis Montreuil - Tds Autocars\",\"isPartOf\":{\"@id\":\"https:\/\/www.tdsautocars.com\/#website\"},\"datePublished\":\"2026-04-08T15:56:48+00:00\",\"dateModified\":\"2026-04-08T15:56:50+00:00\",\"description\":\"TDS Autocars voyage fr\u00e9quemment depuis Montreuil - D\u00e9couvrez les locations d'autocars avec chauffeurs les plus demand\u00e9es au d\u00e9part de Cr\u00e9teil\",\"breadcrumb\":{\"@id\":\"https:\/\/www.tdsautocars.com\/location-autocar-montreuil\/#breadcrumb\"},\"inLanguage\":\"en-GB\",\"potentialAction\":[{\"@type\":\"ReadAction\",\"target\":[\"https:\/\/www.tdsautocars.com\/location-autocar-montreuil\/\"]}]},{\"@type\":\"BreadcrumbList\",\"@id\":\"https:\/\/www.tdsautocars.com\/location-autocar-montreuil\/#breadcrumb\",\"itemListElement\":[{\"@type\":\"ListItem\",\"position\":1,\"name\":\"Accueil\",\"item\":\"https:\/\/www.tdsautocars.com\/\"},{\"@type\":\"ListItem\",\"position\":2,\"name\":\"Location autocar Montreuil\"}]},{\"@type\":\"WebSite\",\"@id\":\"https:\/\/www.tdsautocars.com\/#website\",\"url\":\"https:\/\/www.tdsautocars.com\/\",\"name\":\"Tds Autocars\",\"description\":\"Location Autocar avec chauffeur en r\u00e9gion parisienne\",\"potentialAction\":[{\"@type\":\"SearchAction\",\"target\":{\"@type\":\"EntryPoint\",\"urlTemplate\":\"https:\/\/www.tdsautocars.com\/?s={search_term_string}\"},\"query-input\":{\"@type\":\"PropertyValueSpecification\",\"valueRequired\":true,\"valueName\":\"search_term_string\"}}],\"inLanguage\":\"en-GB\"}]}<\/script>\n<!-- \/ Yoast SEO plugin. -->","yoast_head_json":{"title":"Coach hire with drivers from Montreuil - Tds Autocars","description":"TDS Autocars frequently travels from Montreuil - Discover the most popular coach hire with drivers departing from Cr\u00e9teil","robots":{"index":"index","follow":"follow","max-snippet":"max-snippet:-1","max-image-preview":"max-image-preview:large","max-video-preview":"max-video-preview:-1"},"canonical":"https:\/\/www.tdsautocars.com\/en\/coach-hire-montreuil\/","og_locale":"en_GB","og_type":"article","og_title":"Location d'autocar avec chauffeurs depuis Montreuil - Tds Autocars","og_description":"TDS Autocars voyage fr\u00e9quemment depuis Montreuil - D\u00e9couvrez les locations d'autocars avec chauffeurs les plus demand\u00e9es au d\u00e9part de Cr\u00e9teil","og_url":"https:\/\/www.tdsautocars.com\/en\/coach-hire-montreuil\/","og_site_name":"Tds Autocars","article_modified_time":"2026-04-08T15:56:50+00:00","twitter_card":"summary_large_image","twitter_misc":{"Estimated reading time":"4 minutes"},"schema":{"@context":"https:\/\/schema.org","@graph":[{"@type":"WebPage","@id":"https:\/\/www.tdsautocars.com\/location-autocar-montreuil\/","url":"https:\/\/www.tdsautocars.com\/location-autocar-montreuil\/","name":"Coach hire with drivers from Montreuil - Tds Autocars","isPartOf":{"@id":"https:\/\/www.tdsautocars.com\/#website"},"datePublished":"2026-04-08T15:56:48+00:00","dateModified":"2026-04-08T15:56:50+00:00","description":"TDS Autocars frequently travels from Montreuil - Discover the most popular coach hire with drivers departing from Cr\u00e9teil","breadcrumb":{"@id":"https:\/\/www.tdsautocars.com\/location-autocar-montreuil\/#breadcrumb"},"inLanguage":"en-GB","potentialAction":[{"@type":"ReadAction","target":["https:\/\/www.tdsautocars.com\/location-autocar-montreuil\/"]}]},{"@type":"BreadcrumbList","@id":"https:\/\/www.tdsautocars.com\/location-autocar-montreuil\/#breadcrumb","itemListElement":[{"@type":"ListItem","position":1,"name":"Accueil","item":"https:\/\/www.tdsautocars.com\/"},{"@type":"ListItem","position":2,"name":"Location autocar Montreuil"}]},{"@type":"WebSite","@id":"https:\/\/www.tdsautocars.com\/#website","url":"https:\/\/www.tdsautocars.com\/","name":"Tds Autocars","description":"Coach rental with driver in the Paris region","potentialAction":[{"@type":"SearchAction","target":{"@type":"EntryPoint","urlTemplate":"https:\/\/www.tdsautocars.com\/?s={search_term_string}"},"query-input":{"@type":"PropertyValueSpecification","valueRequired":true,"valueName":"search_term_string"}}],"inLanguage":"en-GB"}]}},"_links":{"self":[{"href":"https:\/\/www.tdsautocars.com\/en\/wp-json\/wp\/v2\/pages\/2924","targetHints":{"allow":["GET"]}}],"collection":[{"href":"https:\/\/www.tdsautocars.com\/en\/wp-json\/wp\/v2\/pages"}],"about":[{"href":"https:\/\/www.tdsautocars.com\/en\/wp-json\/wp\/v2\/types\/page"}],"author":[{"embeddable":true,"href":"https:\/\/www.tdsautocars.com\/en\/wp-json\/wp\/v2\/users\/1"}],"replies":[{"embeddable":true,"href":"https:\/\/www.tdsautocars.com\/en\/wp-json\/wp\/v2\/comments?post=2924"}],"version-history":[{"count":3,"href":"https:\/\/www.tdsautocars.com\/en\/wp-json\/wp\/v2\/pages\/2924\/revisions"}],"predecessor-version":[{"id":2928,"href":"https:\/\/www.tdsautocars.com\/en\/wp-json\/wp\/v2\/pages\/2924\/revisions\/2928"}],"wp:attachment":[{"href":"https:\/\/www.tdsautocars.com\/en\/wp-json\/wp\/v2\/media?parent=2924"}],"curies":[{"name":"wp","href":"https:\/\/api.w.org\/{rel}","templated":true}]}}